{"id":1775,"date":"2023-12-05T18:18:40","date_gmt":"2023-12-05T21:18:40","guid":{"rendered":"https:\/\/sbeneditosalto.com.br\/?page_id=1775"},"modified":"2024-01-23T20:16:19","modified_gmt":"2024-01-23T23:16:19","slug":"horarios","status":"publish","type":"page","link":"https:\/\/sbeneditosalto.com.br\/index.php\/horarios\/","title":{"rendered":"Hor\u00e1rios"},"content":{"rendered":"\t\t<div data-elementor-type=\"wp-page\" data-elementor-id=\"1775\" class=\"elementor elementor-1775\">\n\t\t\t\t\t\t\t<div class=\"elementor-element elementor-element-ce98173 e-flex e-con-boxed e-con e-parent\" data-id=\"ce98173\" data-element_type=\"container\" data-settings=\"{&quot;content_width&quot;:&quot;boxed&quot;}\" data-core-v316-plus=\"true\">\n\t\t\t\t\t<div class=\"e-con-inner\">\n\t\t<div class=\"elementor-element elementor-element-3203c27 e-con-full e-flex e-con e-child\" data-id=\"3203c27\" data-element_type=\"container\" data-settings=\"{&quot;content_width&quot;:&quot;full&quot;}\">\n\t\t\t\t<div class=\"elementor-element elementor-element-35eeabe elementor-widget elementor-widget-image\" data-id=\"35eeabe\" data-element_type=\"widget\" data-widget_type=\"image.default\">\n\t\t\t\t<div class=\"elementor-widget-container\">\n\t\t\t<style>\/*! elementor - v3.16.0 - 17-10-2023 *\/\n.elementor-widget-image{text-align:center}.elementor-widget-image a{display:inline-block}.elementor-widget-image a img[src$=\".svg\"]{width:48px}.elementor-widget-image img{vertical-align:middle;display:inline-block}<\/style>\t\t\t\t\t\t\t\t\t\t\t\t<img decoding=\"async\" loading=\"lazy\" width=\"1024\" height=\"1024\" src=\"https:\/\/sbeneditosalto.com.br\/wp-content\/uploads\/2023\/12\/HORARIOS-DE-ATENDIMENTO-SECRETARIA-1024x1024.png\" class=\"attachment-large size-large wp-image-1882\" alt=\"\" srcset=\"https:\/\/sbeneditosalto.com.br\/wp-content\/uploads\/2023\/12\/HORARIOS-DE-ATENDIMENTO-SECRETARIA-1024x1024.png 1024w, https:\/\/sbeneditosalto.com.br\/wp-content\/uploads\/2023\/12\/HORARIOS-DE-ATENDIMENTO-SECRETARIA-300x300.png 300w, https:\/\/sbeneditosalto.com.br\/wp-content\/uploads\/2023\/12\/HORARIOS-DE-ATENDIMENTO-SECRETARIA-150x150.png 150w, https:\/\/sbeneditosalto.com.br\/wp-content\/uploads\/2023\/12\/HORARIOS-DE-ATENDIMENTO-SECRETARIA-768x768.png 768w, https:\/\/sbeneditosalto.com.br\/wp-content\/uploads\/2023\/12\/HORARIOS-DE-ATENDIMENTO-SECRETARIA.png 1086w\" sizes=\"(max-width: 1024px) 100vw, 1024px\" \/>\t\t\t\t\t\t\t\t\t\t\t\t\t\t\t<\/div>\n\t\t\t\t<\/div>\n\t\t\t\t<\/div>\n\t\t<div class=\"elementor-element elementor-element-0c1b54d e-con-full e-flex e-con e-child\" data-id=\"0c1b54d\" data-element_type=\"container\" data-settings=\"{&quot;content_width&quot;:&quot;full&quot;}\">\n\t\t\t\t<div class=\"elementor-element elementor-element-ab0c02a elementor-widget elementor-widget-image\" data-id=\"ab0c02a\" data-element_type=\"widget\" data-widget_type=\"image.default\">\n\t\t\t\t<div class=\"elementor-widget-container\">\n\t\t\t\t\t\t\t\t\t\t\t\t\t\t\t<img decoding=\"async\" loading=\"lazy\" width=\"1024\" height=\"1024\" src=\"https:\/\/sbeneditosalto.com.br\/wp-content\/uploads\/2023\/12\/HORARIOS-DE-ATENDIMENTO-DO-PADRE-2-1024x1024.png\" class=\"attachment-large size-large wp-image-1825\" alt=\"\" srcset=\"https:\/\/sbeneditosalto.com.br\/wp-content\/uploads\/2023\/12\/HORARIOS-DE-ATENDIMENTO-DO-PADRE-2-1024x1024.png 1024w, https:\/\/sbeneditosalto.com.br\/wp-content\/uploads\/2023\/12\/HORARIOS-DE-ATENDIMENTO-DO-PADRE-2-300x300.png 300w, https:\/\/sbeneditosalto.com.br\/wp-content\/uploads\/2023\/12\/HORARIOS-DE-ATENDIMENTO-DO-PADRE-2-150x150.png 150w, https:\/\/sbeneditosalto.com.br\/wp-content\/uploads\/2023\/12\/HORARIOS-DE-ATENDIMENTO-DO-PADRE-2-768x768.png 768w, https:\/\/sbeneditosalto.com.br\/wp-content\/uploads\/2023\/12\/HORARIOS-DE-ATENDIMENTO-DO-PADRE-2.png 1086w\" sizes=\"(max-width: 1024px) 100vw, 1024px\" \/>\t\t\t\t\t\t\t\t\t\t\t\t\t\t\t<\/div>\n\t\t\t\t<\/div>\n\t\t\t\t<\/div>\n\t\t<div class=\"elementor-element elementor-element-ef1e563 e-con-full e-flex e-con e-child\" data-id=\"ef1e563\" data-element_type=\"container\" data-settings=\"{&quot;content_width&quot;:&quot;full&quot;}\">\n\t\t\t\t<div class=\"elementor-element elementor-element-9b0a8da elementor-widget elementor-widget-image\" data-id=\"9b0a8da\" data-element_type=\"widget\" data-widget_type=\"image.default\">\n\t\t\t\t<div class=\"elementor-widget-container\">\n\t\t\t\t\t\t\t\t\t\t\t\t\t\t\t<img decoding=\"async\" loading=\"lazy\" width=\"1024\" height=\"1024\" src=\"https:\/\/sbeneditosalto.com.br\/wp-content\/uploads\/2023\/12\/MATRIZ-HORARIOS-MISSAS-2-COM-BARRA-1024x1024.png\" class=\"attachment-large size-large wp-image-1782\" alt=\"\" srcset=\"https:\/\/sbeneditosalto.com.br\/wp-content\/uploads\/2023\/12\/MATRIZ-HORARIOS-MISSAS-2-COM-BARRA-1024x1024.png 1024w, https:\/\/sbeneditosalto.com.br\/wp-content\/uploads\/2023\/12\/MATRIZ-HORARIOS-MISSAS-2-COM-BARRA-300x300.png 300w, https:\/\/sbeneditosalto.com.br\/wp-content\/uploads\/2023\/12\/MATRIZ-HORARIOS-MISSAS-2-COM-BARRA-150x150.png 150w, https:\/\/sbeneditosalto.com.br\/wp-content\/uploads\/2023\/12\/MATRIZ-HORARIOS-MISSAS-2-COM-BARRA-768x768.png 768w, https:\/\/sbeneditosalto.com.br\/wp-content\/uploads\/2023\/12\/MATRIZ-HORARIOS-MISSAS-2-COM-BARRA.png 1086w\" sizes=\"(max-width: 1024px) 100vw, 1024px\" \/>\t\t\t\t\t\t\t\t\t\t\t\t\t\t\t<\/div>\n\t\t\t\t<\/div>\n\t\t\t\t<div class=\"elementor-element elementor-element-41d9eed elementor-widget elementor-widget-heading\" data-id=\"41d9eed\" data-element_type=\"widget\" data-widget_type=\"heading.default\">\n\t\t\t\t<div class=\"elementor-widget-container\">\n\t\t\t<style>\/*! elementor - v3.16.0 - 17-10-2023 *\/\n.elementor-heading-title{padding:0;margin:0;line-height:1}.elementor-widget-heading .elementor-heading-title[class*=elementor-size-]>a{color:inherit;font-size:inherit;line-height:inherit}.elementor-widget-heading .elementor-heading-title.elementor-size-small{font-size:15px}.elementor-widget-heading .elementor-heading-title.elementor-size-medium{font-size:19px}.elementor-widget-heading .elementor-heading-title.elementor-size-large{font-size:29px}.elementor-widget-heading .elementor-heading-title.elementor-size-xl{font-size:39px}.elementor-widget-heading .elementor-heading-title.elementor-size-xxl{font-size:59px}<\/style><h6 class=\"elementor-heading-title elementor-size-default\">Missa das Comunidades do Caminho Neocatecumenal<\/h6>\t\t<\/div>\n\t\t\t\t<\/div>\n\t\t\t\t<div class=\"elementor-element elementor-element-23cf86a elementor-widget elementor-widget-text-editor\" data-id=\"23cf86a\" data-element_type=\"widget\" data-widget_type=\"text-editor.default\">\n\t\t\t\t<div class=\"elementor-widget-container\">\n\t\t\t<style>\/*! elementor - v3.16.0 - 17-10-2023 *\/\n.elementor-widget-text-editor.elementor-drop-cap-view-stacked .elementor-drop-cap{background-color:#69727d;color:#fff}.elementor-widget-text-editor.elementor-drop-cap-view-framed .elementor-drop-cap{color:#69727d;border:3px solid;background-color:transparent}.elementor-widget-text-editor:not(.elementor-drop-cap-view-default) .elementor-drop-cap{margin-top:8px}.elementor-widget-text-editor:not(.elementor-drop-cap-view-default) .elementor-drop-cap-letter{width:1em;height:1em}.elementor-widget-text-editor .elementor-drop-cap{float:left;text-align:center;line-height:1;font-size:50px}.elementor-widget-text-editor .elementor-drop-cap-letter{display:inline-block}<\/style>\t\t\t\t<p>Todos os s\u00e1bados \u00e0s 20h00<\/p>\t\t\t\t\t\t<\/div>\n\t\t\t\t<\/div>\n\t\t\t\t<div class=\"elementor-element elementor-element-bcb796b elementor-widget elementor-widget-heading\" data-id=\"bcb796b\" data-element_type=\"widget\" data-widget_type=\"heading.default\">\n\t\t\t\t<div class=\"elementor-widget-container\">\n\t\t\t<h6 class=\"elementor-heading-title elementor-size-default\">Grupo de Ora\u00e7\u00e3o Santa Terezinha do Menino Jesus (MATRIZ)<\/h6>\t\t<\/div>\n\t\t\t\t<\/div>\n\t\t\t\t<div class=\"elementor-element elementor-element-95725d4 elementor-widget elementor-widget-text-editor\" data-id=\"95725d4\" data-element_type=\"widget\" data-widget_type=\"text-editor.default\">\n\t\t\t\t<div class=\"elementor-widget-container\">\n\t\t\t\t\t\t\t<p>Todos os domingos ap\u00f3s a missa das 18h30<\/p>\t\t\t\t\t\t<\/div>\n\t\t\t\t<\/div>\n\t\t\t\t<div class=\"elementor-element elementor-element-a42cde0 elementor-widget elementor-widget-heading\" data-id=\"a42cde0\" data-element_type=\"widget\" data-widget_type=\"heading.default\">\n\t\t\t\t<div class=\"elementor-widget-container\">\n\t\t\t<h6 class=\"elementor-heading-title elementor-size-default\">Ter\u00e7o dos Homens<\/h6>\t\t<\/div>\n\t\t\t\t<\/div>\n\t\t\t\t<div class=\"elementor-element elementor-element-67ce510 elementor-widget elementor-widget-text-editor\" data-id=\"67ce510\" data-element_type=\"widget\" data-widget_type=\"text-editor.default\">\n\t\t\t\t<div class=\"elementor-widget-container\">\n\t\t\t\t\t\t\t<p>Todas as quartas-feiras ap\u00f3s a missa das 19h00<\/p>\t\t\t\t\t\t<\/div>\n\t\t\t\t<\/div>\n\t\t\t\t<div class=\"elementor-element elementor-element-9fefc45 elementor-widget elementor-widget-heading\" data-id=\"9fefc45\" data-element_type=\"widget\" data-widget_type=\"heading.default\">\n\t\t\t\t<div class=\"elementor-widget-container\">\n\t\t\t<h6 class=\"elementor-heading-title elementor-size-default\">Apostolado da Ora\u00e7\u00e3o<\/h6>\t\t<\/div>\n\t\t\t\t<\/div>\n\t\t\t\t<div class=\"elementor-element elementor-element-a20499c elementor-widget elementor-widget-text-editor\" data-id=\"a20499c\" data-element_type=\"widget\" data-widget_type=\"text-editor.default\">\n\t\t\t\t<div class=\"elementor-widget-container\">\n\t\t\t\t\t\t\t<p>Toda 1\u00aa sexta-feira do m\u00eas &#8211; Adora\u00e7\u00e3o ao Sant\u00edssimo \u00e0s 18h00<\/p>\t\t\t\t\t\t<\/div>\n\t\t\t\t<\/div>\n\t\t\t\t<\/div>\n\t\t<div class=\"elementor-element elementor-element-e0b19d8 e-con-full e-flex e-con e-child\" data-id=\"e0b19d8\" data-element_type=\"container\" data-settings=\"{&quot;content_width&quot;:&quot;full&quot;}\">\n\t\t\t\t<div class=\"elementor-element elementor-element-c46868a elementor-widget elementor-widget-image\" data-id=\"c46868a\" data-element_type=\"widget\" data-widget_type=\"image.default\">\n\t\t\t\t<div class=\"elementor-widget-container\">\n\t\t\t\t\t\t\t\t\t\t\t\t\t\t\t<img decoding=\"async\" loading=\"lazy\" width=\"1024\" height=\"1024\" src=\"https:\/\/sbeneditosalto.com.br\/wp-content\/uploads\/2023\/12\/HORARIOS-DE-MISSA-CELEBRACAO-NAS-COMUNIDADES-1024x1024.png\" class=\"attachment-large size-large wp-image-1781\" alt=\"\" srcset=\"https:\/\/sbeneditosalto.com.br\/wp-content\/uploads\/2023\/12\/HORARIOS-DE-MISSA-CELEBRACAO-NAS-COMUNIDADES-1024x1024.png 1024w, https:\/\/sbeneditosalto.com.br\/wp-content\/uploads\/2023\/12\/HORARIOS-DE-MISSA-CELEBRACAO-NAS-COMUNIDADES-300x300.png 300w, https:\/\/sbeneditosalto.com.br\/wp-content\/uploads\/2023\/12\/HORARIOS-DE-MISSA-CELEBRACAO-NAS-COMUNIDADES-150x150.png 150w, https:\/\/sbeneditosalto.com.br\/wp-content\/uploads\/2023\/12\/HORARIOS-DE-MISSA-CELEBRACAO-NAS-COMUNIDADES-768x768.png 768w, https:\/\/sbeneditosalto.com.br\/wp-content\/uploads\/2023\/12\/HORARIOS-DE-MISSA-CELEBRACAO-NAS-COMUNIDADES.png 1086w\" sizes=\"(max-width: 1024px) 100vw, 1024px\" \/>\t\t\t\t\t\t\t\t\t\t\t\t\t\t\t<\/div>\n\t\t\t\t<\/div>\n\t\t\t\t<div class=\"elementor-element elementor-element-8222b76 elementor-widget elementor-widget-heading\" data-id=\"8222b76\" data-element_type=\"widget\" data-widget_type=\"heading.default\">\n\t\t\t\t<div class=\"elementor-widget-container\">\n\t\t\t<h6 class=\"elementor-heading-title elementor-size-default\">Grupo de Ora\u00e7\u00e3o Divino Espirito Santo<\/h6>\t\t<\/div>\n\t\t\t\t<\/div>\n\t\t\t\t<div class=\"elementor-element elementor-element-a029b7e elementor-widget elementor-widget-text-editor\" data-id=\"a029b7e\" data-element_type=\"widget\" data-widget_type=\"text-editor.default\">\n\t\t\t\t<div class=\"elementor-widget-container\">\n\t\t\t\t\t\t\t<p>Todas as quartas-feiras \u00e0s 19h30\u00a0<\/p>\t\t\t\t\t\t<\/div>\n\t\t\t\t<\/div>\n\t\t\t\t<div class=\"elementor-element elementor-element-d5cc18c elementor-widget elementor-widget-heading\" data-id=\"d5cc18c\" data-element_type=\"widget\" data-widget_type=\"heading.default\">\n\t\t\t\t<div class=\"elementor-widget-container\">\n\t\t\t<h6 class=\"elementor-heading-title elementor-size-default\">M\u00e3es que oram pelos filhos - Comunidade Santa Ana e S\u00e3o Joaquim<\/h6>\t\t<\/div>\n\t\t\t\t<\/div>\n\t\t\t\t<div class=\"elementor-element elementor-element-b1f15b7 elementor-widget elementor-widget-text-editor\" data-id=\"b1f15b7\" data-element_type=\"widget\" data-widget_type=\"text-editor.default\">\n\t\t\t\t<div class=\"elementor-widget-container\">\n\t\t\t\t\t\t\t<p>Todas as ter\u00e7as-feiras \u00e0s 19h00\u00a0<\/p>\t\t\t\t\t\t<\/div>\n\t\t\t\t<\/div>\n\t\t\t\t<\/div>\n\t\t\t\t\t<\/div>\n\t\t\t\t<\/div>\n\t\t\t\t\t\t\t<\/div>\n\t\t","protected":false},"excerpt":{"rendered":"<p>Missa das Comunidades do Caminho Neocatecumenal Todos os s\u00e1bados \u00e0s 20h00 Grupo de Ora\u00e7\u00e3o Santa Terezinha do Menino Jesus (MATRIZ) Todos os domingos ap\u00f3s a missa das 18h30 Ter\u00e7o dos Homens Todas as quartas-feiras ap\u00f3s a missa das 19h00 Apostolado da Ora\u00e7\u00e3o Toda 1\u00aa sexta-feira do m\u00eas &#8211; Adora\u00e7\u00e3o ao Sant\u00edssimo \u00e0s 18h00 Grupo de [&hellip;]<\/p>\n","protected":false},"author":1,"featured_media":0,"parent":0,"menu_order":0,"comment_status":"closed","ping_status":"closed","template":"","meta":{"footnotes":""},"blocksy_meta":"","yoast_head":"<!-- This site is optimized with the Yoast SEO plugin v22.4 - https:\/\/yoast.com\/wordpress\/plugins\/seo\/ -->\n<title>Hor\u00e1rios - Paroquia Sao Benedito<\/title>\n<meta name=\"robots\" content=\"index, follow, max-snippet:-1, max-image-preview:large, max-video-preview:-1\" \/>\n<link rel=\"canonical\" href=\"https:\/\/sbeneditosalto.com.br\/index.php\/horarios\/\" \/>\n<meta property=\"og:locale\" content=\"en_US\" \/>\n<meta property=\"og:type\" content=\"article\" \/>\n<meta property=\"og:title\" content=\"Hor\u00e1rios - Paroquia Sao Benedito\" \/>\n<meta property=\"og:description\" content=\"Missa das Comunidades do Caminho Neocatecumenal Todos os s\u00e1bados \u00e0s 20h00 Grupo de Ora\u00e7\u00e3o Santa Terezinha do Menino Jesus (MATRIZ) Todos os domingos ap\u00f3s a missa das 18h30 Ter\u00e7o dos Homens Todas as quartas-feiras ap\u00f3s a missa das 19h00 Apostolado da Ora\u00e7\u00e3o Toda 1\u00aa sexta-feira do m\u00eas &#8211; Adora\u00e7\u00e3o ao Sant\u00edssimo \u00e0s 18h00 Grupo de [&hellip;]\" \/>\n<meta property=\"og:url\" content=\"https:\/\/sbeneditosalto.com.br\/index.php\/horarios\/\" \/>\n<meta property=\"og:site_name\" content=\"Paroquia Sao Benedito\" \/>\n<meta property=\"article:modified_time\" content=\"2024-01-23T23:16:19+00:00\" \/>\n<meta property=\"og:image\" content=\"https:\/\/sbeneditosalto.com.br\/wp-content\/uploads\/2023\/12\/HORARIOS-DE-ATENDIMENTO-SECRETARIA-1024x1024.png\" \/>\n<meta name=\"twitter:card\" content=\"summary_large_image\" \/>\n<script type=\"application\/ld+json\" class=\"yoast-schema-graph\">{\"@context\":\"https:\/\/schema.org\",\"@graph\":[{\"@type\":\"WebPage\",\"@id\":\"https:\/\/sbeneditosalto.com.br\/index.php\/horarios\/\",\"url\":\"https:\/\/sbeneditosalto.com.br\/index.php\/horarios\/\",\"name\":\"Hor\u00e1rios - Paroquia Sao Benedito\",\"isPartOf\":{\"@id\":\"https:\/\/sbeneditosalto.com.br\/#website\"},\"primaryImageOfPage\":{\"@id\":\"https:\/\/sbeneditosalto.com.br\/index.php\/horarios\/#primaryimage\"},\"image\":{\"@id\":\"https:\/\/sbeneditosalto.com.br\/index.php\/horarios\/#primaryimage\"},\"thumbnailUrl\":\"https:\/\/sbeneditosalto.com.br\/wp-content\/uploads\/2023\/12\/HORARIOS-DE-ATENDIMENTO-SECRETARIA-1024x1024.png\",\"datePublished\":\"2023-12-05T21:18:40+00:00\",\"dateModified\":\"2024-01-23T23:16:19+00:00\",\"breadcrumb\":{\"@id\":\"https:\/\/sbeneditosalto.com.br\/index.php\/horarios\/#breadcrumb\"},\"inLanguage\":\"en-US\",\"potentialAction\":[{\"@type\":\"ReadAction\",\"target\":[\"https:\/\/sbeneditosalto.com.br\/index.php\/horarios\/\"]}]},{\"@type\":\"ImageObject\",\"inLanguage\":\"en-US\",\"@id\":\"https:\/\/sbeneditosalto.com.br\/index.php\/horarios\/#primaryimage\",\"url\":\"https:\/\/sbeneditosalto.com.br\/wp-content\/uploads\/2023\/12\/HORARIOS-DE-ATENDIMENTO-SECRETARIA.png\",\"contentUrl\":\"https:\/\/sbeneditosalto.com.br\/wp-content\/uploads\/2023\/12\/HORARIOS-DE-ATENDIMENTO-SECRETARIA.png\",\"width\":1086,\"height\":1086},{\"@type\":\"BreadcrumbList\",\"@id\":\"https:\/\/sbeneditosalto.com.br\/index.php\/horarios\/#breadcrumb\",\"itemListElement\":[{\"@type\":\"ListItem\",\"position\":1,\"name\":\"In\u00edcio\",\"item\":\"https:\/\/sbeneditosalto.com.br\/\"},{\"@type\":\"ListItem\",\"position\":2,\"name\":\"Hor\u00e1rios\"}]},{\"@type\":\"WebSite\",\"@id\":\"https:\/\/sbeneditosalto.com.br\/#website\",\"url\":\"https:\/\/sbeneditosalto.com.br\/\",\"name\":\"Paroquia Sao Benedito\",\"description\":\"\",\"publisher\":{\"@id\":\"https:\/\/sbeneditosalto.com.br\/#organization\"},\"potentialAction\":[{\"@type\":\"SearchAction\",\"target\":{\"@type\":\"EntryPoint\",\"urlTemplate\":\"https:\/\/sbeneditosalto.com.br\/?s={search_term_string}\"},\"query-input\":\"required name=search_term_string\"}],\"inLanguage\":\"en-US\"},{\"@type\":\"Organization\",\"@id\":\"https:\/\/sbeneditosalto.com.br\/#organization\",\"name\":\"Paroquia Sao Benedito\",\"url\":\"https:\/\/sbeneditosalto.com.br\/\",\"logo\":{\"@type\":\"ImageObject\",\"inLanguage\":\"en-US\",\"@id\":\"https:\/\/sbeneditosalto.com.br\/#\/schema\/logo\/image\/\",\"url\":\"\",\"contentUrl\":\"\",\"caption\":\"Paroquia Sao Benedito\"},\"image\":{\"@id\":\"https:\/\/sbeneditosalto.com.br\/#\/schema\/logo\/image\/\"}}]}<\/script>\n<!-- \/ Yoast SEO plugin. -->","yoast_head_json":{"title":"Hor\u00e1rios - Paroquia Sao Benedito","robots":{"index":"index","follow":"follow","max-snippet":"max-snippet:-1","max-image-preview":"max-image-preview:large","max-video-preview":"max-video-preview:-1"},"canonical":"https:\/\/sbeneditosalto.com.br\/index.php\/horarios\/","og_locale":"en_US","og_type":"article","og_title":"Hor\u00e1rios - Paroquia Sao Benedito","og_description":"Missa das Comunidades do Caminho Neocatecumenal Todos os s\u00e1bados \u00e0s 20h00 Grupo de Ora\u00e7\u00e3o Santa Terezinha do Menino Jesus (MATRIZ) Todos os domingos ap\u00f3s a missa das 18h30 Ter\u00e7o dos Homens Todas as quartas-feiras ap\u00f3s a missa das 19h00 Apostolado da Ora\u00e7\u00e3o Toda 1\u00aa sexta-feira do m\u00eas &#8211; Adora\u00e7\u00e3o ao Sant\u00edssimo \u00e0s 18h00 Grupo de [&hellip;]","og_url":"https:\/\/sbeneditosalto.com.br\/index.php\/horarios\/","og_site_name":"Paroquia Sao Benedito","article_modified_time":"2024-01-23T23:16:19+00:00","og_image":[{"url":"https:\/\/sbeneditosalto.com.br\/wp-content\/uploads\/2023\/12\/HORARIOS-DE-ATENDIMENTO-SECRETARIA-1024x1024.png"}],"twitter_card":"summary_large_image","schema":{"@context":"https:\/\/schema.org","@graph":[{"@type":"WebPage","@id":"https:\/\/sbeneditosalto.com.br\/index.php\/horarios\/","url":"https:\/\/sbeneditosalto.com.br\/index.php\/horarios\/","name":"Hor\u00e1rios - Paroquia Sao Benedito","isPartOf":{"@id":"https:\/\/sbeneditosalto.com.br\/#website"},"primaryImageOfPage":{"@id":"https:\/\/sbeneditosalto.com.br\/index.php\/horarios\/#primaryimage"},"image":{"@id":"https:\/\/sbeneditosalto.com.br\/index.php\/horarios\/#primaryimage"},"thumbnailUrl":"https:\/\/sbeneditosalto.com.br\/wp-content\/uploads\/2023\/12\/HORARIOS-DE-ATENDIMENTO-SECRETARIA-1024x1024.png","datePublished":"2023-12-05T21:18:40+00:00","dateModified":"2024-01-23T23:16:19+00:00","breadcrumb":{"@id":"https:\/\/sbeneditosalto.com.br\/index.php\/horarios\/#breadcrumb"},"inLanguage":"en-US","potentialAction":[{"@type":"ReadAction","target":["https:\/\/sbeneditosalto.com.br\/index.php\/horarios\/"]}]},{"@type":"ImageObject","inLanguage":"en-US","@id":"https:\/\/sbeneditosalto.com.br\/index.php\/horarios\/#primaryimage","url":"https:\/\/sbeneditosalto.com.br\/wp-content\/uploads\/2023\/12\/HORARIOS-DE-ATENDIMENTO-SECRETARIA.png","contentUrl":"https:\/\/sbeneditosalto.com.br\/wp-content\/uploads\/2023\/12\/HORARIOS-DE-ATENDIMENTO-SECRETARIA.png","width":1086,"height":1086},{"@type":"BreadcrumbList","@id":"https:\/\/sbeneditosalto.com.br\/index.php\/horarios\/#breadcrumb","itemListElement":[{"@type":"ListItem","position":1,"name":"In\u00edcio","item":"https:\/\/sbeneditosalto.com.br\/"},{"@type":"ListItem","position":2,"name":"Hor\u00e1rios"}]},{"@type":"WebSite","@id":"https:\/\/sbeneditosalto.com.br\/#website","url":"https:\/\/sbeneditosalto.com.br\/","name":"Paroquia Sao Benedito","description":"","publisher":{"@id":"https:\/\/sbeneditosalto.com.br\/#organization"},"potentialAction":[{"@type":"SearchAction","target":{"@type":"EntryPoint","urlTemplate":"https:\/\/sbeneditosalto.com.br\/?s={search_term_string}"},"query-input":"required name=search_term_string"}],"inLanguage":"en-US"},{"@type":"Organization","@id":"https:\/\/sbeneditosalto.com.br\/#organization","name":"Paroquia Sao Benedito","url":"https:\/\/sbeneditosalto.com.br\/","logo":{"@type":"ImageObject","inLanguage":"en-US","@id":"https:\/\/sbeneditosalto.com.br\/#\/schema\/logo\/image\/","url":"","contentUrl":"","caption":"Paroquia Sao Benedito"},"image":{"@id":"https:\/\/sbeneditosalto.com.br\/#\/schema\/logo\/image\/"}}]}},"_links":{"self":[{"href":"https:\/\/sbeneditosalto.com.br\/index.php\/wp-json\/wp\/v2\/pages\/1775"}],"collection":[{"href":"https:\/\/sbeneditosalto.com.br\/index.php\/wp-json\/wp\/v2\/pages"}],"about":[{"href":"https:\/\/sbeneditosalto.com.br\/index.php\/wp-json\/wp\/v2\/types\/page"}],"author":[{"embeddable":true,"href":"https:\/\/sbeneditosalto.com.br\/index.php\/wp-json\/wp\/v2\/users\/1"}],"replies":[{"embeddable":true,"href":"https:\/\/sbeneditosalto.com.br\/index.php\/wp-json\/wp\/v2\/comments?post=1775"}],"version-history":[{"count":49,"href":"https:\/\/sbeneditosalto.com.br\/index.php\/wp-json\/wp\/v2\/pages\/1775\/revisions"}],"predecessor-version":[{"id":2152,"href":"https:\/\/sbeneditosalto.com.br\/index.php\/wp-json\/wp\/v2\/pages\/1775\/revisions\/2152"}],"wp:attachment":[{"href":"https:\/\/sbeneditosalto.com.br\/index.php\/wp-json\/wp\/v2\/media?parent=1775"}],"curies":[{"name":"wp","href":"https:\/\/api.w.org\/{rel}","templated":true}]}}