{"id":1510,"date":"2023-12-04T16:33:43","date_gmt":"2023-12-04T19:33:43","guid":{"rendered":"https:\/\/sbeneditosalto.com.br\/?page_id=1510"},"modified":"2025-03-04T15:24:00","modified_gmt":"2025-03-04T18:24:00","slug":"album-de-fotos","status":"publish","type":"page","link":"https:\/\/sbeneditosalto.com.br\/index.php\/album-de-fotos\/","title":{"rendered":"\u00c1lbum de Fotos"},"content":{"rendered":"\t\t<div data-elementor-type=\"wp-page\" data-elementor-id=\"1510\" class=\"elementor elementor-1510\">\n\t\t\t\t\t\t\t<div class=\"elementor-element elementor-element-f5313b8 e-flex e-con-boxed e-con e-parent\" data-id=\"f5313b8\" data-element_type=\"container\" data-settings=\"{&quot;content_width&quot;:&quot;boxed&quot;}\" data-core-v316-plus=\"true\">\n\t\t\t\t\t<div class=\"e-con-inner\">\n\t\t\t\t<div class=\"elementor-element elementor-element-fe666a5 eael-fg-card-content-align-left elementor-widget elementor-widget-eael-filterable-gallery\" data-id=\"fe666a5\" data-element_type=\"widget\" data-settings=\"{&quot;pagination&quot;:&quot;yes&quot;,&quot;photo_gallery&quot;:&quot;yes&quot;}\" data-widget_type=\"eael-filterable-gallery.default\">\n\t\t\t\t<div class=\"elementor-widget-container\">\n\t\t\t<style id=\"eael-fg-inline-css-fe666a5\">@media only screen and (max-width: 2399px) {\n\t\t\t\t\t.elementor-element.elementor-element-fe666a5 .eael-filterable-gallery-item-wrap {\n\t\t\t\t\t        width: 33.333333333333%;\n\t\t\t\t\t    }\n\t\t\t\t\t}@media only screen and (max-width: 1024px) {\n\t\t\t\t\t.elementor-element.elementor-element-fe666a5  .eael-filterable-gallery-item-wrap {\n\t\t\t\t\t        width: 50%;\n\t\t\t\t\t    }\n\t\t\t\t\t}@media only screen and (max-width: 767px) {\n\t\t\t\t\t.elementor-element.elementor-element-fe666a5  .eael-filterable-gallery-item-wrap {\n\t\t\t\t\t        width: 100%;\n\t\t\t\t\t    }\n\t\t\t\t\t}<\/style>        <div id=\"eael-filter-gallery-wrapper-fe666a5\" class=\"eael-filter-gallery-wrapper\" data-layout-mode=\"layout_3\" data-mfp_caption=\"\" data-breakpoints=\"{&quot;mobile&quot;:{&quot;label&quot;:&quot;Mobile Portrait&quot;,&quot;value&quot;:767,&quot;default_value&quot;:767,&quot;direction&quot;:&quot;max&quot;,&quot;is_enabled&quot;:true},&quot;mobile_extra&quot;:{&quot;label&quot;:&quot;Mobile Landscape&quot;,&quot;value&quot;:880,&quot;default_value&quot;:880,&quot;direction&quot;:&quot;max&quot;,&quot;is_enabled&quot;:false},&quot;tablet&quot;:{&quot;label&quot;:&quot;Tablet Portrait&quot;,&quot;value&quot;:1024,&quot;default_value&quot;:1024,&quot;direction&quot;:&quot;max&quot;,&quot;is_enabled&quot;:true},&quot;tablet_extra&quot;:{&quot;label&quot;:&quot;Tablet Landscape&quot;,&quot;value&quot;:1200,&quot;default_value&quot;:1200,&quot;direction&quot;:&quot;max&quot;,&quot;is_enabled&quot;:false},&quot;laptop&quot;:{&quot;label&quot;:&quot;Laptop&quot;,&quot;value&quot;:1366,&quot;default_value&quot;:1366,&quot;direction&quot;:&quot;max&quot;,&quot;is_enabled&quot;:false},&quot;widescreen&quot;:{&quot;label&quot;:&quot;Widescreen&quot;,&quot;value&quot;:2400,&quot;default_value&quot;:2400,&quot;direction&quot;:&quot;min&quot;,&quot;is_enabled&quot;:false}}\" data-default_control_key=\"0\" data-custom_default_control=\"\">\n            \n                        <div class=\"fg-layout-3-filters-wrap\">\n                <div class=\"fg-filter-wrap\">\n                    <button id=\"fg-filter-trigger\" class=\"fg-filter-trigger\">\n                        <span>\n                            Todos                        <\/span>\n                        <i class=\"fas fa-angle-down\"><\/i>\n                    <\/button>\n                    <ul class=\"fg-layout-3-filter-controls\">\n                                                    <li class=\"control  active \" data-filter=\"*\">Todos<\/li>\n                                                \n                                                    <li   class=\"control \" data-filter=\".eael-cf-2023\">2023<\/li>\n                                                    <li   class=\"control \" data-filter=\".eael-cf-2024\">2024<\/li>\n                                                    <li   class=\"control \" data-filter=\".eael-cf-2025\">2025<\/li>\n                                            <\/ul>\n                <\/div>\n\n                <form class=\"fg-layout-3-search-box\" id=\"fg-layout-3-search-box\" autocomplete=\"off\">\n                    <input type=\"text\" id=\"fg-search-box-input\" name=\"fg-frontend-search\" placeholder=\"Pesquisar item da galeria...\" \/>\n                <\/form>\n\n            <\/div>\n            \n            <div class=\"eael-filter-gallery-container eael-filter-gallery-grid\" data-images-per-page=\"6\" data-total-gallery-items=\"11\" data-nomore-item-text=\"Nenhum item mais!\" data-settings=\"{&quot;grid_style&quot;:&quot;grid&quot;,&quot;popup&quot;:null,&quot;duration&quot;:500,&quot;gallery_enabled&quot;:&quot;yes&quot;,&quot;video_gallery_yt_privacy&quot;:&quot;&quot;,&quot;control_all_text&quot;:&quot;Todos&quot;,&quot;post_id&quot;:1510,&quot;widget_id&quot;:&quot;fe666a5&quot;}\" data-search-all=\"\" data-gallery-items=\"[&quot;\\u003Cdiv class=\\u0022eael-filterable-gallery-item-wrap eael-cf-2025\\u0022 data-search-key=\\u0022dia-do-desapego\\u0022\\u003E\\u003Cdiv class=\\u0022fg-layout-3-item eael-gallery-grid-item\\u0022\\u003E\\u003Ca href=\\u0022https:\\\/\\\/sbeneditosalto.com.br\\\/index.php\\\/2025\\\/02\\\/25\\\/voluntarios-das-pastorais-sociais-e-comunidades-receberam-doacoes-no-espaco-festivo\\\/\\u0022\\u003E\\u003Cdiv class=\\u0022gallery-item-thumbnail-wrap fg-layout-3-item-thumb\\u0022\\u003E\\u003Cimg src=\\u0022https:\\\/\\\/sbeneditosalto.com.br\\\/wp-content\\\/uploads\\\/2025\\\/03\\\/DIA-DO-DESAPEGO-POS-EVENTO-AVATAR.png\\u0022 data-lazy-src=\\u0022https:\\\/\\\/sbeneditosalto.com.br\\\/wp-content\\\/uploads\\\/2025\\\/03\\\/DIA-DO-DESAPEGO-POS-EVENTO-AVATAR.png\\u0022 alt=\\u0022\\u0022 class=\\u0022gallery-item-thumbnail\\u0022\\u003E\\u003Cdiv class=\\u0022gallery-item-caption-wrap card-hover-bg caption-style-hoverer\\u0022\\u003E\\u003Cdiv class=\\u0022fg-caption-head\\u0022\\u003E\\u003C\\\/div\\u003E\\u003C\\\/div\\u003E\\u003C\\\/div\\u003E\\u003C\\\/a\\u003E\\u003Cdiv class=\\u0022fg-layout-3-item-content\\u0022\\u003E\\u003Ca href=\\u0022https:\\\/\\\/sbeneditosalto.com.br\\\/index.php\\\/2025\\\/02\\\/25\\\/voluntarios-das-pastorais-sociais-e-comunidades-receberam-doacoes-no-espaco-festivo\\\/\\u0022\\u003E\\u003Ch5 class=\\u0022fg-item-title\\u0022\\u003EDIA DO DESAPEGO\\u003C\\\/h5\\u003E\\u003C\\\/a\\u003E\\u003Cdiv class=\\u0022fg-item-content\\u0022\\u003E\\u003Cp\\u003EVolunt\u00e1rios das Pastorais sociais e comunidades receberam doa\u00e7\u00f5es no espa\u00e7o festivo S\u00e3o Benedito. (Leia a not\u00edcia e tamb\u00e9m tenha acesso as fotos)\\u003C\\\/p\\u003E\\n\\u003C\\\/div\\u003E\\u003C\\\/div\\u003E\\u003C\\\/div\\u003E\\u003C\\\/div\\u003E&quot;,&quot;\\u003Cdiv class=\\u0022eael-filterable-gallery-item-wrap eael-cf-2024\\u0022 data-search-key=\\u0022bispo-diocesano-realizou-visita-pastoral-\u00c0-par\u00d3quia-s\u00c3o-benedito\\u0022\\u003E\\u003Cdiv class=\\u0022fg-layout-3-item eael-gallery-grid-item\\u0022\\u003E\\u003Ca href=\\u0022https:\\\/\\\/sbeneditosalto.com.br\\\/index.php\\\/2024\\\/07\\\/23\\\/bispo-diocesano-realizou-visita-pastoral-a-paroquia-sao-benedito\\\/\\u0022\\u003E\\u003Cdiv class=\\u0022gallery-item-thumbnail-wrap fg-layout-3-item-thumb\\u0022\\u003E\\u003Cimg src=\\u0022https:\\\/\\\/sbeneditosalto.com.br\\\/wp-content\\\/uploads\\\/2024\\\/07\\\/23-Missa-de-encerramento-da-Visita-Pastoral-5-21-de-julho.jpg\\u0022 data-lazy-src=\\u0022https:\\\/\\\/sbeneditosalto.com.br\\\/wp-content\\\/uploads\\\/2024\\\/07\\\/23-Missa-de-encerramento-da-Visita-Pastoral-5-21-de-julho.jpg\\u0022 alt=\\u0022\\u0022 class=\\u0022gallery-item-thumbnail\\u0022\\u003E\\u003Cdiv class=\\u0022gallery-item-caption-wrap card-hover-bg caption-style-hoverer\\u0022\\u003E\\u003Cdiv class=\\u0022fg-caption-head\\u0022\\u003E\\u003C\\\/div\\u003E\\u003C\\\/div\\u003E\\u003C\\\/div\\u003E\\u003C\\\/a\\u003E\\u003Cdiv class=\\u0022fg-layout-3-item-content\\u0022\\u003E\\u003Ca href=\\u0022https:\\\/\\\/sbeneditosalto.com.br\\\/index.php\\\/2024\\\/07\\\/23\\\/bispo-diocesano-realizou-visita-pastoral-a-paroquia-sao-benedito\\\/\\u0022\\u003E\\u003Ch5 class=\\u0022fg-item-title\\u0022\\u003EBISPO DIOCESANO REALIZOU VISITA PASTORAL \u00c0 PAR\u00d3QUIA S\u00c3O BENEDITO\\u003C\\\/h5\\u003E\\u003C\\\/a\\u003E\\u003Cdiv class=\\u0022fg-item-content\\u0022\\u003E\\u003Cp\\u003EO Bispo Diocesano de Jundia\u00ed, Dom Arnaldo Carvalheiro Neto fez a Visita Pastoral \u00e0 Par\u00f3quia S\u00e3o Benedito nos dias 17 a 21 de julho.\\u003C\\\/p\\u003E\\n\\u003C\\\/div\\u003E\\u003C\\\/div\\u003E\\u003C\\\/div\\u003E\\u003C\\\/div\\u003E&quot;,&quot;\\u003Cdiv class=\\u0022eael-filterable-gallery-item-wrap eael-cf-2024\\u0022 data-search-key=\\u0022dia-da-pol\u00cdtica-e-do-governante-2024\\u0022\\u003E\\u003Cdiv class=\\u0022fg-layout-3-item eael-gallery-grid-item\\u0022\\u003E\\u003Ca href=\\u0022https:\\\/\\\/sbeneditosalto.com.br\\\/index.php\\\/2024\\\/06\\\/27\\\/comemorado-o-dia-da-politica-e-do-governante-na-paroquia-sao-benedito\\\/\\u0022\\u003E\\u003Cdiv class=\\u0022gallery-item-thumbnail-wrap fg-layout-3-item-thumb\\u0022\\u003E\\u003Cimg src=\\u0022https:\\\/\\\/sbeneditosalto.com.br\\\/wp-content\\\/uploads\\\/2024\\\/06\\\/001.jpg\\u0022 data-lazy-src=\\u0022https:\\\/\\\/sbeneditosalto.com.br\\\/wp-content\\\/uploads\\\/2024\\\/06\\\/001.jpg\\u0022 alt=\\u0022\\u0022 class=\\u0022gallery-item-thumbnail\\u0022\\u003E\\u003Cdiv class=\\u0022gallery-item-caption-wrap card-hover-bg caption-style-hoverer\\u0022\\u003E\\u003Cdiv class=\\u0022fg-caption-head\\u0022\\u003E\\u003C\\\/div\\u003E\\u003C\\\/div\\u003E\\u003C\\\/div\\u003E\\u003C\\\/a\\u003E\\u003Cdiv class=\\u0022fg-layout-3-item-content\\u0022\\u003E\\u003Ca href=\\u0022https:\\\/\\\/sbeneditosalto.com.br\\\/index.php\\\/2024\\\/06\\\/27\\\/comemorado-o-dia-da-politica-e-do-governante-na-paroquia-sao-benedito\\\/\\u0022\\u003E\\u003Ch5 class=\\u0022fg-item-title\\u0022\\u003EDIA DA POL\u00cdTICA E DO GOVERNANTE 2024\\u003C\\\/h5\\u003E\\u003C\\\/a\\u003E\\u003Cdiv class=\\u0022fg-item-content\\u0022\\u003E\\u003Cp\\u003EA Par\u00f3quia S\u00e3o Benedito, atrav\u00e9s da Pastoral F\u00e9, Pol\u00edtica e Cidadania realizou encontro com autoridades e pol\u00edticos da Est\u00e2ncia Tur\u00edstica de Salto.\\u003C\\\/p\\u003E\\n\\u003C\\\/div\\u003E\\u003C\\\/div\\u003E\\u003C\\\/div\\u003E\\u003C\\\/div\\u003E&quot;,&quot;\\u003Cdiv class=\\u0022eael-filterable-gallery-item-wrap eael-cf-2024\\u0022 data-search-key=\\u0022semana-santa-2024\\u0022\\u003E\\u003Cdiv class=\\u0022fg-layout-3-item eael-gallery-grid-item\\u0022\\u003E\\u003Ca href=\\u0022https:\\\/\\\/drive.google.com\\\/drive\\\/folders\\\/11xiEZ3nfUCUWB3nruWetw_mfaCHHJs8Q?usp=sharing\\u0022\\u003E\\u003Cdiv class=\\u0022gallery-item-thumbnail-wrap fg-layout-3-item-thumb\\u0022\\u003E\\u003Cimg src=\\u0022https:\\\/\\\/sbeneditosalto.com.br\\\/wp-content\\\/uploads\\\/2024\\\/06\\\/SEMANA-SANTA-ALBUM.png\\u0022 data-lazy-src=\\u0022https:\\\/\\\/sbeneditosalto.com.br\\\/wp-content\\\/uploads\\\/2024\\\/06\\\/SEMANA-SANTA-ALBUM.png\\u0022 alt=\\u0022\\u0022 class=\\u0022gallery-item-thumbnail\\u0022\\u003E\\u003Cdiv class=\\u0022gallery-item-caption-wrap card-hover-bg caption-style-hoverer\\u0022\\u003E\\u003Cdiv class=\\u0022fg-caption-head\\u0022\\u003E\\u003C\\\/div\\u003E\\u003C\\\/div\\u003E\\u003C\\\/div\\u003E\\u003C\\\/a\\u003E\\u003Cdiv class=\\u0022fg-layout-3-item-content\\u0022\\u003E\\u003Ca href=\\u0022https:\\\/\\\/drive.google.com\\\/drive\\\/folders\\\/11xiEZ3nfUCUWB3nruWetw_mfaCHHJs8Q?usp=sharing\\u0022\\u003E\\u003Ch5 class=\\u0022fg-item-title\\u0022\\u003ESEMANA SANTA 2024\\u003C\\\/h5\\u003E\\u003C\\\/a\\u003E\\u003Cdiv class=\\u0022fg-item-content\\u0022\\u003E\\u003Cp\\u003ETodas as fotos e v\u00eddeos da Semana Santa: Fotos de: Rita Pavanelli,\u00a0 Juliana Cequinne, L\u00facia Castro - PasCom S\u00e3o Benedito\\u003C\\\/p\\u003E\\n\\u003C\\\/div\\u003E\\u003C\\\/div\\u003E\\u003C\\\/div\\u003E\\u003C\\\/div\\u003E&quot;,&quot;\\u003Cdiv class=\\u0022eael-filterable-gallery-item-wrap eael-cf-2024\\u0022 data-search-key=\\u0022pe.-carlos-marchesani--apresentou-a-cf-2024-na-c\u00e2mara-municipal-de-salto\\u0022\\u003E\\u003Cdiv class=\\u0022fg-layout-3-item eael-gallery-grid-item\\u0022\\u003E\\u003Ca href=\\u0022https:\\\/\\\/sbeneditosalto.com.br\\\/index.php\\\/2024\\\/03\\\/21\\\/padre-carlos-marchesani-apresentou-a-cf-2024-na-camara-municipal-de-salto\\\/\\u0022\\u003E\\u003Cdiv class=\\u0022gallery-item-thumbnail-wrap fg-layout-3-item-thumb\\u0022\\u003E\\u003Cimg src=\\u0022https:\\\/\\\/sbeneditosalto.com.br\\\/wp-content\\\/uploads\\\/2024\\\/03\\\/CF_APRESENTACAO_02.jpg\\u0022 data-lazy-src=\\u0022https:\\\/\\\/sbeneditosalto.com.br\\\/wp-content\\\/uploads\\\/2024\\\/03\\\/CF_APRESENTACAO_02.jpg\\u0022 alt=\\u0022\\u0022 class=\\u0022gallery-item-thumbnail\\u0022\\u003E\\u003Cdiv class=\\u0022gallery-item-caption-wrap card-hover-bg caption-style-hoverer\\u0022\\u003E\\u003Cdiv class=\\u0022fg-caption-head\\u0022\\u003E\\u003C\\\/div\\u003E\\u003C\\\/div\\u003E\\u003C\\\/div\\u003E\\u003C\\\/a\\u003E\\u003Cdiv class=\\u0022fg-layout-3-item-content\\u0022\\u003E\\u003Ca href=\\u0022https:\\\/\\\/sbeneditosalto.com.br\\\/index.php\\\/2024\\\/03\\\/21\\\/padre-carlos-marchesani-apresentou-a-cf-2024-na-camara-municipal-de-salto\\\/\\u0022\\u003E\\u003Ch5 class=\\u0022fg-item-title\\u0022\\u003EPe. Carlos Marchesani  apresentou a CF 2024 na C\u00e2mara municipal de Salto\\u003C\\\/h5\\u003E\\u003C\\\/a\\u003E\\u003Cdiv class=\\u0022fg-item-content\\u0022\\u003E\\u003Cp\\u003EAcompanhado do di\u00e1cono Jos\u00e9 Carlos Pascoal, fez uso da Tribuna Livre na sess\u00e3o da C\u00e2mara Municipal de Salto.\\u003C\\\/p\\u003E\\n\\u003C\\\/div\\u003E\\u003C\\\/div\\u003E\\u003C\\\/div\\u003E\\u003C\\\/div\\u003E&quot;,&quot;\\u003Cdiv class=\\u0022eael-filterable-gallery-item-wrap eael-cf-2024\\u0022 data-search-key=\\u0022missa-de-58\u00ba-anivers\u00e1rio-da-par\u00f3quia-s\u00e3o-benedito\\u0022\\u003E\\u003Cdiv class=\\u0022fg-layout-3-item eael-gallery-grid-item\\u0022\\u003E\\u003Ca href=\\u0022https:\\\/\\\/drive.google.com\\\/drive\\\/folders\\\/1HS4jjxpnGufgKcxuYjBTg6XrMmaYGUqD?usp=sharing\\u0022\\u003E\\u003Cdiv class=\\u0022gallery-item-thumbnail-wrap fg-layout-3-item-thumb\\u0022\\u003E\\u003Cimg src=\\u0022https:\\\/\\\/sbeneditosalto.com.br\\\/wp-content\\\/uploads\\\/2024\\\/03\\\/01.jpg\\u0022 data-lazy-src=\\u0022https:\\\/\\\/sbeneditosalto.com.br\\\/wp-content\\\/uploads\\\/2024\\\/03\\\/01.jpg\\u0022 alt=\\u0022\\u0022 class=\\u0022gallery-item-thumbnail\\u0022\\u003E\\u003Cdiv class=\\u0022gallery-item-caption-wrap card-hover-bg caption-style-hoverer\\u0022\\u003E\\u003Cdiv class=\\u0022fg-caption-head\\u0022\\u003E\\u003C\\\/div\\u003E\\u003C\\\/div\\u003E\\u003C\\\/div\\u003E\\u003C\\\/a\\u003E\\u003Cdiv class=\\u0022fg-layout-3-item-content\\u0022\\u003E\\u003Ca href=\\u0022https:\\\/\\\/drive.google.com\\\/drive\\\/folders\\\/1HS4jjxpnGufgKcxuYjBTg6XrMmaYGUqD?usp=sharing\\u0022\\u003E\\u003Ch5 class=\\u0022fg-item-title\\u0022\\u003EMissa de 58\u00ba Anivers\u00e1rio da Par\u00f3quia S\u00e3o Benedito\\u003C\\\/h5\\u003E\\u003C\\\/a\\u003E\\u003Cdiv class=\\u0022fg-item-content\\u0022\\u003E\\u003Cp\\u003EPresidida pelo p\u00e1roco padre Carlos Aparecido Marchesani, que fez ora\u00e7\u00e3o especial pelos leigos, religiosos e cl\u00e9rigos que fizeram parte da hist\u00f3ria da Par\u00f3quia, rica em gra\u00e7a e miss\u00e3o.\\u003C\\\/p\\u003E\\n\\u003C\\\/div\\u003E\\u003C\\\/div\\u003E\\u003C\\\/div\\u003E\\u003C\\\/div\\u003E&quot;,&quot;\\u003Cdiv class=\\u0022eael-filterable-gallery-item-wrap eael-cf-2024\\u0022 data-search-key=\\u0022desperta-te,-jovem-2024\\u0022\\u003E\\u003Cdiv class=\\u0022fg-layout-3-item eael-gallery-grid-item\\u0022\\u003E\\u003Ca href=\\u0022https:\\\/\\\/sbeneditosalto.com.br\\\/index.php\\\/2024\\\/02\\\/17\\\/desperta-te-jovem-na-paroquia-sao-benedito-2024\\\/\\u0022\\u003E\\u003Cdiv class=\\u0022gallery-item-thumbnail-wrap fg-layout-3-item-thumb\\u0022\\u003E\\u003Cimg src=\\u0022https:\\\/\\\/sbeneditosalto.com.br\\\/wp-content\\\/uploads\\\/2024\\\/02\\\/Foto-1.jpg\\u0022 data-lazy-src=\\u0022https:\\\/\\\/sbeneditosalto.com.br\\\/wp-content\\\/uploads\\\/2024\\\/02\\\/Foto-1.jpg\\u0022 alt=\\u0022\\u0022 class=\\u0022gallery-item-thumbnail\\u0022\\u003E\\u003Cdiv class=\\u0022gallery-item-caption-wrap card-hover-bg caption-style-hoverer\\u0022\\u003E\\u003Cdiv class=\\u0022fg-caption-head\\u0022\\u003E\\u003C\\\/div\\u003E\\u003C\\\/div\\u003E\\u003C\\\/div\\u003E\\u003C\\\/a\\u003E\\u003Cdiv class=\\u0022fg-layout-3-item-content\\u0022\\u003E\\u003Ca href=\\u0022https:\\\/\\\/sbeneditosalto.com.br\\\/index.php\\\/2024\\\/02\\\/17\\\/desperta-te-jovem-na-paroquia-sao-benedito-2024\\\/\\u0022\\u003E\\u003Ch5 class=\\u0022fg-item-title\\u0022\\u003EDesperta-te, Jovem 2024\\u003C\\\/h5\\u003E\\u003C\\\/a\\u003E\\u003Cdiv class=\\u0022fg-item-content\\u0022\\u003E\\u003Cp\\u003EDesperta-te Jovem, \u00e9 um convite para a busca a Deus e a salva\u00e7\u00e3o, pela convers\u00e3o e liberta\u00e7\u00e3o dos males do pecado.\\u003C\\\/p\\u003E\\n\\u003C\\\/div\\u003E\\u003C\\\/div\\u003E\\u003C\\\/div\\u003E\\u003C\\\/div\\u003E&quot;,&quot;\\u003Cdiv class=\\u0022eael-filterable-gallery-item-wrap eael-cf-2023 eael-cf-2024\\u0022 data-search-key=\\u0022solenidade-da-santa-m\u00e3e-de-deus,-maria\\u0022\\u003E\\u003Cdiv class=\\u0022fg-layout-3-item eael-gallery-grid-item\\u0022\\u003E\\u003Ca href=\\u0022https:\\\/\\\/drive.google.com\\\/drive\\\/folders\\\/1IFpmaNVEK7CmgOxVpmVxwPvD5ZeedKwM?usp=sharing\\u0022\\u003E\\u003Cdiv class=\\u0022gallery-item-thumbnail-wrap fg-layout-3-item-thumb\\u0022\\u003E\\u003Cimg src=\\u0022https:\\\/\\\/sbeneditosalto.com.br\\\/wp-content\\\/uploads\\\/2024\\\/01\\\/07.jpg\\u0022 data-lazy-src=\\u0022https:\\\/\\\/sbeneditosalto.com.br\\\/wp-content\\\/uploads\\\/2024\\\/01\\\/07.jpg\\u0022 alt=\\u0022\\u0022 class=\\u0022gallery-item-thumbnail\\u0022\\u003E\\u003Cdiv class=\\u0022gallery-item-caption-wrap card-hover-bg caption-style-hoverer\\u0022\\u003E\\u003Cdiv class=\\u0022fg-caption-head\\u0022\\u003E\\u003C\\\/div\\u003E\\u003C\\\/div\\u003E\\u003C\\\/div\\u003E\\u003C\\\/a\\u003E\\u003Cdiv class=\\u0022fg-layout-3-item-content\\u0022\\u003E\\u003Ca href=\\u0022https:\\\/\\\/drive.google.com\\\/drive\\\/folders\\\/1IFpmaNVEK7CmgOxVpmVxwPvD5ZeedKwM?usp=sharing\\u0022\\u003E\\u003Ch5 class=\\u0022fg-item-title\\u0022\\u003ESolenidade da Santa M\u00e3e de Deus, Maria\\u003C\\\/h5\\u003E\\u003C\\\/a\\u003E\\u003Cdiv class=\\u0022fg-item-content\\u0022\\u003E\\u003Cp\\u003EDia 31 de dezembro de 2023 e 1\u00ba de janeiro de 2024, \u00e0s 18h30, presidida pelo padre Carlos Aparecido Marchesani.\\u003C\\\/p\\u003E\\n\\u003C\\\/div\\u003E\\u003C\\\/div\\u003E\\u003C\\\/div\\u003E\\u003C\\\/div\\u003E&quot;,&quot;\\u003Cdiv class=\\u0022eael-filterable-gallery-item-wrap eael-cf-2023\\u0022 data-search-key=\\u0022missa-da-v\u00edgilia-do-natal\\u0022\\u003E\\u003Cdiv class=\\u0022fg-layout-3-item eael-gallery-grid-item\\u0022\\u003E\\u003Ca href=\\u0022https:\\\/\\\/drive.google.com\\\/drive\\\/folders\\\/1myhCWAwlDaVBNk8k6wN8gRFrqswcXSIZ?usp=sharing\\u0022\\u003E\\u003Cdiv class=\\u0022gallery-item-thumbnail-wrap fg-layout-3-item-thumb\\u0022\\u003E\\u003Cimg src=\\u0022https:\\\/\\\/sbeneditosalto.com.br\\\/wp-content\\\/uploads\\\/2024\\\/01\\\/02.jpg\\u0022 data-lazy-src=\\u0022https:\\\/\\\/sbeneditosalto.com.br\\\/wp-content\\\/uploads\\\/2024\\\/01\\\/02.jpg\\u0022 alt=\\u0022\\u0022 class=\\u0022gallery-item-thumbnail\\u0022\\u003E\\u003Cdiv class=\\u0022gallery-item-caption-wrap card-hover-bg caption-style-hoverer\\u0022\\u003E\\u003Cdiv class=\\u0022fg-caption-head\\u0022\\u003E\\u003C\\\/div\\u003E\\u003C\\\/div\\u003E\\u003C\\\/div\\u003E\\u003C\\\/a\\u003E\\u003Cdiv class=\\u0022fg-layout-3-item-content\\u0022\\u003E\\u003Ca href=\\u0022https:\\\/\\\/drive.google.com\\\/drive\\\/folders\\\/1myhCWAwlDaVBNk8k6wN8gRFrqswcXSIZ?usp=sharing\\u0022\\u003E\\u003Ch5 class=\\u0022fg-item-title\\u0022\\u003EMissa da V\u00edgilia do Natal\\u003C\\\/h5\\u003E\\u003C\\\/a\\u003E\\u003Cdiv class=\\u0022fg-item-content\\u0022\\u003E\\u003Cp\\u003E24 de dezembro \u00e0s 18h30, Matriz S\u00e3o Benedito. Fotos: Juliana Roberta Cequinne - PasCom S\u00e3o Benedito\\u003C\\\/p\\u003E\\n\\u003C\\\/div\\u003E\\u003C\\\/div\\u003E\\u003C\\\/div\\u003E\\u003C\\\/div\\u003E&quot;,&quot;\\u003Cdiv class=\\u0022eael-filterable-gallery-item-wrap eael-cf-2023\\u0022 data-search-key=\\u0022novena-de-natal-2023\\u0022\\u003E\\u003Cdiv class=\\u0022fg-layout-3-item eael-gallery-grid-item\\u0022\\u003E\\u003Ca href=\\u0022https:\\\/\\\/drive.google.com\\\/drive\\\/folders\\\/1MtCvgD8KTtWpnvUhAmWr7KDQx3xSh17V?usp=sharing\\u0022\\u003E\\u003Cdiv class=\\u0022gallery-item-thumbnail-wrap fg-layout-3-item-thumb\\u0022\\u003E\\u003Cimg src=\\u0022https:\\\/\\\/sbeneditosalto.com.br\\\/wp-content\\\/uploads\\\/2024\\\/01\\\/AVATAR-ALBUM-NOVENA-DE-NATAL-2023.png\\u0022 data-lazy-src=\\u0022https:\\\/\\\/sbeneditosalto.com.br\\\/wp-content\\\/uploads\\\/2024\\\/01\\\/AVATAR-ALBUM-NOVENA-DE-NATAL-2023.png\\u0022 alt=\\u0022\\u0022 class=\\u0022gallery-item-thumbnail\\u0022\\u003E\\u003Cdiv class=\\u0022gallery-item-caption-wrap card-hover-bg caption-style-hoverer\\u0022\\u003E\\u003Cdiv class=\\u0022fg-caption-head\\u0022\\u003E\\u003C\\\/div\\u003E\\u003C\\\/div\\u003E\\u003C\\\/div\\u003E\\u003C\\\/a\\u003E\\u003Cdiv class=\\u0022fg-layout-3-item-content\\u0022\\u003E\\u003Ca href=\\u0022https:\\\/\\\/drive.google.com\\\/drive\\\/folders\\\/1MtCvgD8KTtWpnvUhAmWr7KDQx3xSh17V?usp=sharing\\u0022\\u003E\\u003Ch5 class=\\u0022fg-item-title\\u0022\\u003ENovena de Natal 2023\\u003C\\\/h5\\u003E\\u003C\\\/a\\u003E\\u003Cdiv class=\\u0022fg-item-content\\u0022\\u003E\\u003Cp\\u003EVeja todas as fotos separadas em 3 pastas. Deus aben\u00e7oe a todos.\\u003C\\\/p\\u003E\\n\\u003C\\\/div\\u003E\\u003C\\\/div\\u003E\\u003C\\\/div\\u003E\\u003C\\\/div\\u003E&quot;,&quot;\\u003Cdiv class=\\u0022eael-filterable-gallery-item-wrap eael-cf-2023\\u0022 data-search-key=\\u0022jubileu-de-prata\\u0022\\u003E\\u003Cdiv class=\\u0022fg-layout-3-item eael-gallery-grid-item\\u0022\\u003E\\u003Ca href=\\u0022https:\\\/\\\/drive.google.com\\\/drive\\\/folders\\\/1raTrad4-A6XPAByGKjWwOr4UpCPFMuiE?usp=sharing\\u0022\\u003E\\u003Cdiv class=\\u0022gallery-item-thumbnail-wrap fg-layout-3-item-thumb\\u0022\\u003E\\u003Cimg src=\\u0022https:\\\/\\\/sbeneditosalto.com.br\\\/wp-content\\\/uploads\\\/2023\\\/12\\\/001-capa.jpeg\\u0022 data-lazy-src=\\u0022https:\\\/\\\/sbeneditosalto.com.br\\\/wp-content\\\/uploads\\\/2023\\\/12\\\/001-capa.jpeg\\u0022 alt=\\u0022\\u0022 class=\\u0022gallery-item-thumbnail\\u0022\\u003E\\u003Cdiv class=\\u0022gallery-item-caption-wrap card-hover-bg caption-style-hoverer\\u0022\\u003E\\u003Cdiv class=\\u0022fg-caption-head\\u0022\\u003E\\u003C\\\/div\\u003E\\u003C\\\/div\\u003E\\u003C\\\/div\\u003E\\u003C\\\/a\\u003E\\u003Cdiv class=\\u0022fg-layout-3-item-content\\u0022\\u003E\\u003Ca href=\\u0022https:\\\/\\\/drive.google.com\\\/drive\\\/folders\\\/1raTrad4-A6XPAByGKjWwOr4UpCPFMuiE?usp=sharing\\u0022\\u003E\\u003Ch5 class=\\u0022fg-item-title\\u0022\\u003EJubileu de Prata\\u003C\\\/h5\\u003E\\u003C\\\/a\\u003E\\u003Cdiv class=\\u0022fg-item-content\\u0022\\u003E\\u003Cp\\u003E\u00c1gape dos 25 anos de ordena\u00e7\u00e3o (Pe Carlos \\u0026amp; Di\u00e1cono Pacoal) Fotos: PasCom S\u00e3o Benedito\\u003C\\\/p\\u003E\\n\\u003C\\\/div\\u003E\\u003C\\\/div\\u003E\\u003C\\\/div\\u003E\\u003C\\\/div\\u003E&quot;]\" data-init-show=\"6\">\n                <div class=\"eael-filterable-gallery-item-wrap eael-cf-2025\" data-search-key=\"dia-do-desapego\"><div class=\"fg-layout-3-item eael-gallery-grid-item\"><a href=\"https:\/\/sbeneditosalto.com.br\/index.php\/2025\/02\/25\/voluntarios-das-pastorais-sociais-e-comunidades-receberam-doacoes-no-espaco-festivo\/\"><div class=\"gallery-item-thumbnail-wrap fg-layout-3-item-thumb\"><img decoding=\"async\" src=\"https:\/\/sbeneditosalto.com.br\/wp-content\/uploads\/2025\/03\/DIA-DO-DESAPEGO-POS-EVENTO-AVATAR.png\" data-lazy-src=\"https:\/\/sbeneditosalto.com.br\/wp-content\/uploads\/2025\/03\/DIA-DO-DESAPEGO-POS-EVENTO-AVATAR.png\" alt=\"\" class=\"gallery-item-thumbnail\"><div class=\"gallery-item-caption-wrap card-hover-bg caption-style-hoverer\"><div class=\"fg-caption-head\"><\/div><\/div><\/div><\/a><div class=\"fg-layout-3-item-content\"><a href=\"https:\/\/sbeneditosalto.com.br\/index.php\/2025\/02\/25\/voluntarios-das-pastorais-sociais-e-comunidades-receberam-doacoes-no-espaco-festivo\/\"><h5 class=\"fg-item-title\">DIA DO DESAPEGO<\/h5><\/a><div class=\"fg-item-content\"><p>Volunt\u00e1rios das Pastorais sociais e comunidades receberam doa\u00e7\u00f5es no espa\u00e7o festivo S\u00e3o Benedito. (Leia a not\u00edcia e tamb\u00e9m tenha acesso as fotos)<\/p>\n<\/div><\/div><\/div><\/div><div class=\"eael-filterable-gallery-item-wrap eael-cf-2024\" data-search-key=\"bispo-diocesano-realizou-visita-pastoral-\u00c0-par\u00d3quia-s\u00c3o-benedito\"><div class=\"fg-layout-3-item eael-gallery-grid-item\"><a href=\"https:\/\/sbeneditosalto.com.br\/index.php\/2024\/07\/23\/bispo-diocesano-realizou-visita-pastoral-a-paroquia-sao-benedito\/\"><div class=\"gallery-item-thumbnail-wrap fg-layout-3-item-thumb\"><img decoding=\"async\" src=\"https:\/\/sbeneditosalto.com.br\/wp-content\/uploads\/2024\/07\/23-Missa-de-encerramento-da-Visita-Pastoral-5-21-de-julho.jpg\" data-lazy-src=\"https:\/\/sbeneditosalto.com.br\/wp-content\/uploads\/2024\/07\/23-Missa-de-encerramento-da-Visita-Pastoral-5-21-de-julho.jpg\" alt=\"\" class=\"gallery-item-thumbnail\"><div class=\"gallery-item-caption-wrap card-hover-bg caption-style-hoverer\"><div class=\"fg-caption-head\"><\/div><\/div><\/div><\/a><div class=\"fg-layout-3-item-content\"><a href=\"https:\/\/sbeneditosalto.com.br\/index.php\/2024\/07\/23\/bispo-diocesano-realizou-visita-pastoral-a-paroquia-sao-benedito\/\"><h5 class=\"fg-item-title\">BISPO DIOCESANO REALIZOU VISITA PASTORAL \u00c0 PAR\u00d3QUIA S\u00c3O BENEDITO<\/h5><\/a><div class=\"fg-item-content\"><p>O Bispo Diocesano de Jundia\u00ed, Dom Arnaldo Carvalheiro Neto fez a Visita Pastoral \u00e0 Par\u00f3quia S\u00e3o Benedito nos dias 17 a 21 de julho.<\/p>\n<\/div><\/div><\/div><\/div><div class=\"eael-filterable-gallery-item-wrap eael-cf-2024\" data-search-key=\"dia-da-pol\u00cdtica-e-do-governante-2024\"><div class=\"fg-layout-3-item eael-gallery-grid-item\"><a href=\"https:\/\/sbeneditosalto.com.br\/index.php\/2024\/06\/27\/comemorado-o-dia-da-politica-e-do-governante-na-paroquia-sao-benedito\/\"><div class=\"gallery-item-thumbnail-wrap fg-layout-3-item-thumb\"><img decoding=\"async\" src=\"https:\/\/sbeneditosalto.com.br\/wp-content\/uploads\/2024\/06\/001.jpg\" data-lazy-src=\"https:\/\/sbeneditosalto.com.br\/wp-content\/uploads\/2024\/06\/001.jpg\" alt=\"\" class=\"gallery-item-thumbnail\"><div class=\"gallery-item-caption-wrap card-hover-bg caption-style-hoverer\"><div class=\"fg-caption-head\"><\/div><\/div><\/div><\/a><div class=\"fg-layout-3-item-content\"><a href=\"https:\/\/sbeneditosalto.com.br\/index.php\/2024\/06\/27\/comemorado-o-dia-da-politica-e-do-governante-na-paroquia-sao-benedito\/\"><h5 class=\"fg-item-title\">DIA DA POL\u00cdTICA E DO GOVERNANTE 2024<\/h5><\/a><div class=\"fg-item-content\"><p>A Par\u00f3quia S\u00e3o Benedito, atrav\u00e9s da Pastoral F\u00e9, Pol\u00edtica e Cidadania realizou encontro com autoridades e pol\u00edticos da Est\u00e2ncia Tur\u00edstica de Salto.<\/p>\n<\/div><\/div><\/div><\/div><div class=\"eael-filterable-gallery-item-wrap eael-cf-2024\" data-search-key=\"semana-santa-2024\"><div class=\"fg-layout-3-item eael-gallery-grid-item\"><a href=\"https:\/\/drive.google.com\/drive\/folders\/11xiEZ3nfUCUWB3nruWetw_mfaCHHJs8Q?usp=sharing\"><div class=\"gallery-item-thumbnail-wrap fg-layout-3-item-thumb\"><img decoding=\"async\" src=\"https:\/\/sbeneditosalto.com.br\/wp-content\/uploads\/2024\/06\/SEMANA-SANTA-ALBUM.png\" data-lazy-src=\"https:\/\/sbeneditosalto.com.br\/wp-content\/uploads\/2024\/06\/SEMANA-SANTA-ALBUM.png\" alt=\"\" class=\"gallery-item-thumbnail\"><div class=\"gallery-item-caption-wrap card-hover-bg caption-style-hoverer\"><div class=\"fg-caption-head\"><\/div><\/div><\/div><\/a><div class=\"fg-layout-3-item-content\"><a href=\"https:\/\/drive.google.com\/drive\/folders\/11xiEZ3nfUCUWB3nruWetw_mfaCHHJs8Q?usp=sharing\"><h5 class=\"fg-item-title\">SEMANA SANTA 2024<\/h5><\/a><div class=\"fg-item-content\"><p>Todas as fotos e v\u00eddeos da Semana Santa: Fotos de: Rita Pavanelli,\u00a0 Juliana Cequinne, L\u00facia Castro - PasCom S\u00e3o Benedito<\/p>\n<\/div><\/div><\/div><\/div><div class=\"eael-filterable-gallery-item-wrap eael-cf-2024\" data-search-key=\"pe.-carlos-marchesani--apresentou-a-cf-2024-na-c\u00e2mara-municipal-de-salto\"><div class=\"fg-layout-3-item eael-gallery-grid-item\"><a href=\"https:\/\/sbeneditosalto.com.br\/index.php\/2024\/03\/21\/padre-carlos-marchesani-apresentou-a-cf-2024-na-camara-municipal-de-salto\/\"><div class=\"gallery-item-thumbnail-wrap fg-layout-3-item-thumb\"><img decoding=\"async\" src=\"https:\/\/sbeneditosalto.com.br\/wp-content\/uploads\/2024\/03\/CF_APRESENTACAO_02.jpg\" data-lazy-src=\"https:\/\/sbeneditosalto.com.br\/wp-content\/uploads\/2024\/03\/CF_APRESENTACAO_02.jpg\" alt=\"\" class=\"gallery-item-thumbnail\"><div class=\"gallery-item-caption-wrap card-hover-bg caption-style-hoverer\"><div class=\"fg-caption-head\"><\/div><\/div><\/div><\/a><div class=\"fg-layout-3-item-content\"><a href=\"https:\/\/sbeneditosalto.com.br\/index.php\/2024\/03\/21\/padre-carlos-marchesani-apresentou-a-cf-2024-na-camara-municipal-de-salto\/\"><h5 class=\"fg-item-title\">Pe. Carlos Marchesani  apresentou a CF 2024 na C\u00e2mara municipal de Salto<\/h5><\/a><div class=\"fg-item-content\"><p>Acompanhado do di\u00e1cono Jos\u00e9 Carlos Pascoal, fez uso da Tribuna Livre na sess\u00e3o da C\u00e2mara Municipal de Salto.<\/p>\n<\/div><\/div><\/div><\/div><div class=\"eael-filterable-gallery-item-wrap eael-cf-2024\" data-search-key=\"missa-de-58\u00ba-anivers\u00e1rio-da-par\u00f3quia-s\u00e3o-benedito\"><div class=\"fg-layout-3-item eael-gallery-grid-item\"><a href=\"https:\/\/drive.google.com\/drive\/folders\/1HS4jjxpnGufgKcxuYjBTg6XrMmaYGUqD?usp=sharing\"><div class=\"gallery-item-thumbnail-wrap fg-layout-3-item-thumb\"><img decoding=\"async\" src=\"https:\/\/sbeneditosalto.com.br\/wp-content\/uploads\/2024\/03\/01.jpg\" data-lazy-src=\"https:\/\/sbeneditosalto.com.br\/wp-content\/uploads\/2024\/03\/01.jpg\" alt=\"\" class=\"gallery-item-thumbnail\"><div class=\"gallery-item-caption-wrap card-hover-bg caption-style-hoverer\"><div class=\"fg-caption-head\"><\/div><\/div><\/div><\/a><div class=\"fg-layout-3-item-content\"><a href=\"https:\/\/drive.google.com\/drive\/folders\/1HS4jjxpnGufgKcxuYjBTg6XrMmaYGUqD?usp=sharing\"><h5 class=\"fg-item-title\">Missa de 58\u00ba Anivers\u00e1rio da Par\u00f3quia S\u00e3o Benedito<\/h5><\/a><div class=\"fg-item-content\"><p>Presidida pelo p\u00e1roco padre Carlos Aparecido Marchesani, que fez ora\u00e7\u00e3o especial pelos leigos, religiosos e cl\u00e9rigos que fizeram parte da hist\u00f3ria da Par\u00f3quia, rica em gra\u00e7a e miss\u00e3o.<\/p>\n<\/div><\/div><\/div><\/div>                <div id=\"eael-fg-no-items-found\" style=\"display:none;\">\n                    Nenhum item encontrado                <\/div>\n                            <\/div>\n            \n                        <div class=\"eael-filterable-gallery-loadmore\">\n                <a href=\"#\" class=\"eael-gallery-load-more elementor-button elementor-size-sm\">\n                    <span class=\"eael-btn-loader\"><\/span>\n                                        <span class=\"eael-filterable-gallery-load-more-text\">\n                        Carregar mais                    <\/span>\n                                                                                                        <span class=\"eael-filterable-gallery-load-more-icon fg-load-more-icon-right \" aria-hidden=\"true\"><\/span>\n                                                                                        <\/a>\n            <\/div>\n                <\/div>\n        \n        \t\t<\/div>\n\t\t\t\t<\/div>\n\t\t\t\t\t<\/div>\n\t\t\t\t<\/div>\n\t\t\t\t\t\t\t<\/div>\n\t\t","protected":false},"excerpt":{"rendered":"<p>Todos Todos 2023 2024 2025 DIA DO DESAPEGO Volunt\u00e1rios das Pastorais sociais e comunidades receberam doa\u00e7\u00f5es no espa\u00e7o festivo S\u00e3o Benedito. (Leia a not\u00edcia e tamb\u00e9m tenha acesso as fotos) BISPO DIOCESANO REALIZOU VISITA PASTORAL \u00c0 PAR\u00d3QUIA S\u00c3O BENEDITO O Bispo Diocesano de Jundia\u00ed, Dom Arnaldo Carvalheiro Neto fez a Visita Pastoral \u00e0 Par\u00f3quia S\u00e3o [&hellip;]<\/p>\n","protected":false},"author":1,"featured_media":0,"parent":0,"menu_order":0,"comment_status":"closed","ping_status":"closed","template":"","meta":{"footnotes":""},"blocksy_meta":"","yoast_head":"<!-- This site is optimized with the Yoast SEO plugin v22.4 - https:\/\/yoast.com\/wordpress\/plugins\/seo\/ -->\n<title>\u00c1lbum de Fotos - Paroquia Sao Benedito<\/title>\n<meta name=\"robots\" content=\"index, follow, max-snippet:-1, max-image-preview:large, max-video-preview:-1\" \/>\n<link rel=\"canonical\" href=\"https:\/\/sbeneditosalto.com.br\/index.php\/album-de-fotos\/\" \/>\n<meta property=\"og:locale\" content=\"en_US\" \/>\n<meta property=\"og:type\" content=\"article\" \/>\n<meta property=\"og:title\" content=\"\u00c1lbum de Fotos - Paroquia Sao Benedito\" \/>\n<meta property=\"og:description\" content=\"Todos Todos 2023 2024 2025 DIA DO DESAPEGO Volunt\u00e1rios das Pastorais sociais e comunidades receberam doa\u00e7\u00f5es no espa\u00e7o festivo S\u00e3o Benedito. (Leia a not\u00edcia e tamb\u00e9m tenha acesso as fotos) BISPO DIOCESANO REALIZOU VISITA PASTORAL \u00c0 PAR\u00d3QUIA S\u00c3O BENEDITO O Bispo Diocesano de Jundia\u00ed, Dom Arnaldo Carvalheiro Neto fez a Visita Pastoral \u00e0 Par\u00f3quia S\u00e3o [&hellip;]\" \/>\n<meta property=\"og:url\" content=\"https:\/\/sbeneditosalto.com.br\/index.php\/album-de-fotos\/\" \/>\n<meta property=\"og:site_name\" content=\"Paroquia Sao Benedito\" \/>\n<meta property=\"article:modified_time\" content=\"2025-03-04T18:24:00+00:00\" \/>\n<meta property=\"og:image\" content=\"https:\/\/sbeneditosalto.com.br\/wp-content\/uploads\/2025\/03\/DIA-DO-DESAPEGO-POS-EVENTO-AVATAR.png\" \/>\n<meta name=\"twitter:card\" content=\"summary_large_image\" \/>\n<meta name=\"twitter:label1\" content=\"Est. reading time\" \/>\n\t<meta name=\"twitter:data1\" content=\"3 minutes\" \/>\n<script type=\"application\/ld+json\" class=\"yoast-schema-graph\">{\"@context\":\"https:\/\/schema.org\",\"@graph\":[{\"@type\":\"WebPage\",\"@id\":\"https:\/\/sbeneditosalto.com.br\/index.php\/album-de-fotos\/\",\"url\":\"https:\/\/sbeneditosalto.com.br\/index.php\/album-de-fotos\/\",\"name\":\"\u00c1lbum de Fotos - Paroquia Sao Benedito\",\"isPartOf\":{\"@id\":\"https:\/\/sbeneditosalto.com.br\/#website\"},\"primaryImageOfPage\":{\"@id\":\"https:\/\/sbeneditosalto.com.br\/index.php\/album-de-fotos\/#primaryimage\"},\"image\":{\"@id\":\"https:\/\/sbeneditosalto.com.br\/index.php\/album-de-fotos\/#primaryimage\"},\"thumbnailUrl\":\"https:\/\/sbeneditosalto.com.br\/wp-content\/uploads\/2025\/03\/DIA-DO-DESAPEGO-POS-EVENTO-AVATAR.png\",\"datePublished\":\"2023-12-04T19:33:43+00:00\",\"dateModified\":\"2025-03-04T18:24:00+00:00\",\"breadcrumb\":{\"@id\":\"https:\/\/sbeneditosalto.com.br\/index.php\/album-de-fotos\/#breadcrumb\"},\"inLanguage\":\"en-US\",\"potentialAction\":[{\"@type\":\"ReadAction\",\"target\":[\"https:\/\/sbeneditosalto.com.br\/index.php\/album-de-fotos\/\"]}]},{\"@type\":\"ImageObject\",\"inLanguage\":\"en-US\",\"@id\":\"https:\/\/sbeneditosalto.com.br\/index.php\/album-de-fotos\/#primaryimage\",\"url\":\"https:\/\/sbeneditosalto.com.br\/wp-content\/uploads\/2025\/03\/DIA-DO-DESAPEGO-POS-EVENTO-AVATAR.png\",\"contentUrl\":\"https:\/\/sbeneditosalto.com.br\/wp-content\/uploads\/2025\/03\/DIA-DO-DESAPEGO-POS-EVENTO-AVATAR.png\",\"width\":1000,\"height\":750},{\"@type\":\"BreadcrumbList\",\"@id\":\"https:\/\/sbeneditosalto.com.br\/index.php\/album-de-fotos\/#breadcrumb\",\"itemListElement\":[{\"@type\":\"ListItem\",\"position\":1,\"name\":\"In\u00edcio\",\"item\":\"https:\/\/sbeneditosalto.com.br\/\"},{\"@type\":\"ListItem\",\"position\":2,\"name\":\"\u00c1lbum de Fotos\"}]},{\"@type\":\"WebSite\",\"@id\":\"https:\/\/sbeneditosalto.com.br\/#website\",\"url\":\"https:\/\/sbeneditosalto.com.br\/\",\"name\":\"Paroquia Sao Benedito\",\"description\":\"\",\"publisher\":{\"@id\":\"https:\/\/sbeneditosalto.com.br\/#organization\"},\"potentialAction\":[{\"@type\":\"SearchAction\",\"target\":{\"@type\":\"EntryPoint\",\"urlTemplate\":\"https:\/\/sbeneditosalto.com.br\/?s={search_term_string}\"},\"query-input\":\"required name=search_term_string\"}],\"inLanguage\":\"en-US\"},{\"@type\":\"Organization\",\"@id\":\"https:\/\/sbeneditosalto.com.br\/#organization\",\"name\":\"Paroquia Sao Benedito\",\"url\":\"https:\/\/sbeneditosalto.com.br\/\",\"logo\":{\"@type\":\"ImageObject\",\"inLanguage\":\"en-US\",\"@id\":\"https:\/\/sbeneditosalto.com.br\/#\/schema\/logo\/image\/\",\"url\":\"\",\"contentUrl\":\"\",\"caption\":\"Paroquia Sao Benedito\"},\"image\":{\"@id\":\"https:\/\/sbeneditosalto.com.br\/#\/schema\/logo\/image\/\"}}]}<\/script>\n<!-- \/ Yoast SEO plugin. -->","yoast_head_json":{"title":"\u00c1lbum de Fotos - Paroquia Sao Benedito","robots":{"index":"index","follow":"follow","max-snippet":"max-snippet:-1","max-image-preview":"max-image-preview:large","max-video-preview":"max-video-preview:-1"},"canonical":"https:\/\/sbeneditosalto.com.br\/index.php\/album-de-fotos\/","og_locale":"en_US","og_type":"article","og_title":"\u00c1lbum de Fotos - Paroquia Sao Benedito","og_description":"Todos Todos 2023 2024 2025 DIA DO DESAPEGO Volunt\u00e1rios das Pastorais sociais e comunidades receberam doa\u00e7\u00f5es no espa\u00e7o festivo S\u00e3o Benedito. (Leia a not\u00edcia e tamb\u00e9m tenha acesso as fotos) BISPO DIOCESANO REALIZOU VISITA PASTORAL \u00c0 PAR\u00d3QUIA S\u00c3O BENEDITO O Bispo Diocesano de Jundia\u00ed, Dom Arnaldo Carvalheiro Neto fez a Visita Pastoral \u00e0 Par\u00f3quia S\u00e3o [&hellip;]","og_url":"https:\/\/sbeneditosalto.com.br\/index.php\/album-de-fotos\/","og_site_name":"Paroquia Sao Benedito","article_modified_time":"2025-03-04T18:24:00+00:00","og_image":[{"url":"https:\/\/sbeneditosalto.com.br\/wp-content\/uploads\/2025\/03\/DIA-DO-DESAPEGO-POS-EVENTO-AVATAR.png"}],"twitter_card":"summary_large_image","twitter_misc":{"Est. reading time":"3 minutes"},"schema":{"@context":"https:\/\/schema.org","@graph":[{"@type":"WebPage","@id":"https:\/\/sbeneditosalto.com.br\/index.php\/album-de-fotos\/","url":"https:\/\/sbeneditosalto.com.br\/index.php\/album-de-fotos\/","name":"\u00c1lbum de Fotos - Paroquia Sao Benedito","isPartOf":{"@id":"https:\/\/sbeneditosalto.com.br\/#website"},"primaryImageOfPage":{"@id":"https:\/\/sbeneditosalto.com.br\/index.php\/album-de-fotos\/#primaryimage"},"image":{"@id":"https:\/\/sbeneditosalto.com.br\/index.php\/album-de-fotos\/#primaryimage"},"thumbnailUrl":"https:\/\/sbeneditosalto.com.br\/wp-content\/uploads\/2025\/03\/DIA-DO-DESAPEGO-POS-EVENTO-AVATAR.png","datePublished":"2023-12-04T19:33:43+00:00","dateModified":"2025-03-04T18:24:00+00:00","breadcrumb":{"@id":"https:\/\/sbeneditosalto.com.br\/index.php\/album-de-fotos\/#breadcrumb"},"inLanguage":"en-US","potentialAction":[{"@type":"ReadAction","target":["https:\/\/sbeneditosalto.com.br\/index.php\/album-de-fotos\/"]}]},{"@type":"ImageObject","inLanguage":"en-US","@id":"https:\/\/sbeneditosalto.com.br\/index.php\/album-de-fotos\/#primaryimage","url":"https:\/\/sbeneditosalto.com.br\/wp-content\/uploads\/2025\/03\/DIA-DO-DESAPEGO-POS-EVENTO-AVATAR.png","contentUrl":"https:\/\/sbeneditosalto.com.br\/wp-content\/uploads\/2025\/03\/DIA-DO-DESAPEGO-POS-EVENTO-AVATAR.png","width":1000,"height":750},{"@type":"BreadcrumbList","@id":"https:\/\/sbeneditosalto.com.br\/index.php\/album-de-fotos\/#breadcrumb","itemListElement":[{"@type":"ListItem","position":1,"name":"In\u00edcio","item":"https:\/\/sbeneditosalto.com.br\/"},{"@type":"ListItem","position":2,"name":"\u00c1lbum de Fotos"}]},{"@type":"WebSite","@id":"https:\/\/sbeneditosalto.com.br\/#website","url":"https:\/\/sbeneditosalto.com.br\/","name":"Paroquia Sao Benedito","description":"","publisher":{"@id":"https:\/\/sbeneditosalto.com.br\/#organization"},"potentialAction":[{"@type":"SearchAction","target":{"@type":"EntryPoint","urlTemplate":"https:\/\/sbeneditosalto.com.br\/?s={search_term_string}"},"query-input":"required name=search_term_string"}],"inLanguage":"en-US"},{"@type":"Organization","@id":"https:\/\/sbeneditosalto.com.br\/#organization","name":"Paroquia Sao Benedito","url":"https:\/\/sbeneditosalto.com.br\/","logo":{"@type":"ImageObject","inLanguage":"en-US","@id":"https:\/\/sbeneditosalto.com.br\/#\/schema\/logo\/image\/","url":"","contentUrl":"","caption":"Paroquia Sao Benedito"},"image":{"@id":"https:\/\/sbeneditosalto.com.br\/#\/schema\/logo\/image\/"}}]}},"_links":{"self":[{"href":"https:\/\/sbeneditosalto.com.br\/index.php\/wp-json\/wp\/v2\/pages\/1510"}],"collection":[{"href":"https:\/\/sbeneditosalto.com.br\/index.php\/wp-json\/wp\/v2\/pages"}],"about":[{"href":"https:\/\/sbeneditosalto.com.br\/index.php\/wp-json\/wp\/v2\/types\/page"}],"author":[{"embeddable":true,"href":"https:\/\/sbeneditosalto.com.br\/index.php\/wp-json\/wp\/v2\/users\/1"}],"replies":[{"embeddable":true,"href":"https:\/\/sbeneditosalto.com.br\/index.php\/wp-json\/wp\/v2\/comments?post=1510"}],"version-history":[{"count":160,"href":"https:\/\/sbeneditosalto.com.br\/index.php\/wp-json\/wp\/v2\/pages\/1510\/revisions"}],"predecessor-version":[{"id":2776,"href":"https:\/\/sbeneditosalto.com.br\/index.php\/wp-json\/wp\/v2\/pages\/1510\/revisions\/2776"}],"wp:attachment":[{"href":"https:\/\/sbeneditosalto.com.br\/index.php\/wp-json\/wp\/v2\/media?parent=1510"}],"curies":[{"name":"wp","href":"https:\/\/api.w.org\/{rel}","templated":true}]}}