{"id":1921,"date":"2023-12-06T16:50:34","date_gmt":"2023-12-06T19:50:34","guid":{"rendered":"https:\/\/sbeneditosalto.com.br\/?post_type=class&#038;p=1921"},"modified":"2023-12-07T17:38:03","modified_gmt":"2023-12-07T20:38:03","slug":"divino-espirito-santo","status":"publish","type":"class","link":"https:\/\/sbeneditosalto.com.br\/index.php\/class\/divino-espirito-santo\/","title":{"rendered":"Divino Espirito Santo"},"content":{"rendered":"\n<p>Em 09 de fevereiro de 1965 come\u00e7ava a se tornar realidade o sonho da popula\u00e7\u00e3o do bairro Bela Vista e regi\u00e3o de ter sua capela. Nesse dia estava sendo lavrada a escritura do terreno, de 500 m2, doado por Hermenegildo Milioni.<br>A ben\u00e7\u00e3o e o lan\u00e7amento da pedra fundamental foram feitos em 09 de setembro de 1965 pelo Bispo Auxiliar de S\u00e3o Paulo, Dom Ant\u00f4nio Maria Alves de Siqueira, que visitava a Par\u00f3quia Nossa Senhora do Monte Serrat (a \u00fanica da cidade) na ocasi\u00e3o.<br>A inaugura\u00e7\u00e3o da Igreja do Divino Esp\u00edrito Santo aconteceu em 23 de junho de 1968, em missa presidida por Dom Gabriel Paulino Bueno Couto, Bispo Diocesano de Jundia\u00ed.<br>A primeira festa foi realizada em 30 de maio de 1971 (Festa de Pentecostes). A prociss\u00e3o saiu da Igreja de S\u00e3o Benedito e chegou at\u00e9 \u00e0 comunidade, onde aconteceu a missa presidida pelo P\u00e1roco C\u00f4nego Ivo Wells. Quermesse com barracas de comes-e-bebes, leil\u00e3o e queima de fogos foram algumas das atra\u00e7\u00f5es.<\/p>\n\n\n\n<p>Fatos, datas e curiosidades:<br>\u2022 Constru\u00e7\u00e3o da capela: em agosto de 1965 foi feita uma reuni\u00e3o para decidir a primeira diretoria para a campanha de constru\u00e7\u00e3o. Ela foi formada por Rem\u00edgio Dalla Vecchia (presidente), Ad\u00e9lio Milioni (vice), Eug\u00eanio de Oliveira e Jo\u00e3o Baptista Dalla Vecchia (secret\u00e1rios), Jo\u00e3o Batista de Moraes e Zelino Moschini (tesoureiros).<br>\u2022 Doa\u00e7\u00f5es dos terrenos: feitas por Ant\u00f4nio Rocchi e Rem\u00edgio Dalla Vecchia; vitr\u00f4s, por Armando Maestrello, Cortume Telesi, Jos\u00e9 S. de Moraes, Luiz Milanes, Jos\u00e9 Merlin, Jacir Painelli, Geraldo Rodrigues, Alcindo Magnusson, Jos\u00e9 Canova, e fam\u00edlias Merlin e Rigolin. Altar-m\u00f3r, por Italo Fabbri. Quadro de Pentecostes por Francisco Gimenez. Todos os itens foram instalados em janeiro de 1968.<br>\u2022 27 de setembro de1975: chegada das Irm\u00e3s da Ordem das Franciscanas da M\u00e3e Dolorosa, para ajudar na evangeliza\u00e7\u00e3o e catequese. A casa para acomod\u00e1-las foi constru\u00edda no in\u00edcio do mesmo ano. Depois de um tempo, as irm\u00e3s passaram a receber vocacionadas. Em 1996, numa carta dirigida ao P\u00e1roco Padre Geraldo, irm\u00e3 Maria Julieta Mendonza disse que as religiosas passariam a prestar servi\u00e7os em uma creche de Indaiatuba. No fim desse mesmo ano, as irm\u00e3s Leila Francisco Gabriel, Maria Costa Nascimento e Giulia Tannaro voltam a residir em Salto e passam a atuar na Pastoral Vocacional Paroquial e Pastoral da Crian\u00e7a, no Jardim Santo In\u00e1cio.<br>\u2022 Irm\u00e3 Liduvina: foi uma grande incentivadora para a cria\u00e7\u00e3o de outras comunidades em Salto, juntamente com a irm\u00e3 Margareth. Faleceu em 18 de agosto de 1991, na Alemanha.<br>\u2022 Amplia\u00e7\u00f5es: foi lavrada, em 20 de junho de 1978, a escritura de doa\u00e7\u00e3o de 125 m2 para ampliar as instala\u00e7\u00f5es da Igreja (salas para reuni\u00f5es e catequeses). O terreno foi doado por Alfredo Rossini. Em 17 de janeiro de 1991, foi apresentado um or\u00e7amento para aumentar a Igreja e construir a Sacristia.<br>\u2022 Centro Comunit\u00e1rio: o lan\u00e7amento da pedra fundamental aconteceu em dezembro de 1979. Os coordenadores da \u00e9poca eram Benedita Ana Lironi e S\u00e9rgio Martoni.<br>\u2022 Dezembro de 1995: inaugurada a Sala multim\u00eddia com v\u00eddeo, TV, carteiras e lousa para ministrar cursos e palestras.<br>\u2022 Ministros: em janeiro de 1997 aconteceu a confirma\u00e7\u00e3o do exerc\u00edcio dos ministros extraordin\u00e1rios da Comunh\u00e3o Eucar\u00edstica e da Palavra Adolfo de Moraes, Jair Vieira da Costa e \u00c2ngelo Silvestre de Lima.<br>\u2022 10 de fevereiro a 10 de mar\u00e7o de 1997: troca do forro, instala\u00e7\u00e3o de equipamentos de som e ventiladores, e pintura.<br>\u2022 Capela do Sant\u00edssimo: foi inaugurada em julho de 2000. Aberta aos fi\u00e9is de segunda-feira \u00e0 sexta-feira, das 8h \u00e0s 11h e das 14h \u00e0s 16h. Aos s\u00e1bados, das 8h \u00e0s 11h.<br>\u2022 25 de abril de 2002: Dom Amaury Castanho, Bispo Diocesano de Jundia\u00ed, esteve na Igreja do Divino em Visita Pastoral, presidindo missa, acompanhado pelo Di\u00e1cono Ant\u00f4nio Cruchello.<br>\u2022 Coordena\u00e7\u00e3o da Comunidade: em 1991, Jos\u00e9 Carlos e Nilzete Cipriano; em 1996, Jos\u00e9 Juvenal e Marilene Bertocco de Lima; em 2000, Edson Zacharias. Em 2005 s\u00e3o criados os Conselhos: Econ\u00f4mico e Pastoral, atuando separadamente.<\/p>\n\n\n\n<p>Endere\u00e7o: Rua John Kennedy, 652 &#8211; Parque Bela Vista.<\/p>\n\n\n\n<ul>\n<li>Coordenadora de Pastoral: Maria Salete Della Vecchia Zacharias.<\/li>\n<\/ul>\n","protected":false},"featured_media":1990,"comment_status":"closed","ping_status":"closed","template":"","blocksy_meta":"","yoast_head":"<!-- This site is optimized with the Yoast SEO plugin v22.4 - https:\/\/yoast.com\/wordpress\/plugins\/seo\/ -->\n<title>Divino Espirito Santo - Paroquia Sao Benedito<\/title>\n<meta name=\"robots\" content=\"index, follow, max-snippet:-1, max-image-preview:large, max-video-preview:-1\" \/>\n<link rel=\"canonical\" href=\"https:\/\/sbeneditosalto.com.br\/index.php\/class\/divino-espirito-santo\/\" \/>\n<meta property=\"og:locale\" content=\"en_US\" \/>\n<meta property=\"og:type\" content=\"article\" \/>\n<meta property=\"og:title\" content=\"Divino Espirito Santo - Paroquia Sao Benedito\" \/>\n<meta property=\"og:description\" content=\"Em 09 de fevereiro de 1965 come\u00e7ava a se tornar realidade o sonho da popula\u00e7\u00e3o do bairro Bela Vista e regi\u00e3o de ter sua capela. Nesse dia estava sendo lavrada a escritura do terreno, de 500 m2, doado por Hermenegildo Milioni.A ben\u00e7\u00e3o e o lan\u00e7amento da pedra fundamental foram feitos em 09 de setembro de [&hellip;]\" \/>\n<meta property=\"og:url\" content=\"https:\/\/sbeneditosalto.com.br\/index.php\/class\/divino-espirito-santo\/\" \/>\n<meta property=\"og:site_name\" content=\"Paroquia Sao Benedito\" \/>\n<meta property=\"article:modified_time\" content=\"2023-12-07T20:38:03+00:00\" \/>\n<meta property=\"og:image\" content=\"https:\/\/sbeneditosalto.com.br\/wp-content\/uploads\/2023\/12\/Divino-Espirito-Santo.jpg\" \/>\n\t<meta property=\"og:image:width\" content=\"321\" \/>\n\t<meta property=\"og:image:height\" content=\"240\" \/>\n\t<meta property=\"og:image:type\" content=\"image\/jpeg\" \/>\n<meta name=\"twitter:card\" content=\"summary_large_image\" \/>\n<meta name=\"twitter:label1\" content=\"Est. reading time\" \/>\n\t<meta name=\"twitter:data1\" content=\"3 minutes\" \/>\n<script type=\"application\/ld+json\" class=\"yoast-schema-graph\">{\"@context\":\"https:\/\/schema.org\",\"@graph\":[{\"@type\":\"WebPage\",\"@id\":\"https:\/\/sbeneditosalto.com.br\/index.php\/class\/divino-espirito-santo\/\",\"url\":\"https:\/\/sbeneditosalto.com.br\/index.php\/class\/divino-espirito-santo\/\",\"name\":\"Divino Espirito Santo - Paroquia Sao Benedito\",\"isPartOf\":{\"@id\":\"https:\/\/sbeneditosalto.com.br\/#website\"},\"primaryImageOfPage\":{\"@id\":\"https:\/\/sbeneditosalto.com.br\/index.php\/class\/divino-espirito-santo\/#primaryimage\"},\"image\":{\"@id\":\"https:\/\/sbeneditosalto.com.br\/index.php\/class\/divino-espirito-santo\/#primaryimage\"},\"thumbnailUrl\":\"https:\/\/sbeneditosalto.com.br\/wp-content\/uploads\/2023\/12\/Divino-Espirito-Santo.jpg\",\"datePublished\":\"2023-12-06T19:50:34+00:00\",\"dateModified\":\"2023-12-07T20:38:03+00:00\",\"breadcrumb\":{\"@id\":\"https:\/\/sbeneditosalto.com.br\/index.php\/class\/divino-espirito-santo\/#breadcrumb\"},\"inLanguage\":\"en-US\",\"potentialAction\":[{\"@type\":\"ReadAction\",\"target\":[\"https:\/\/sbeneditosalto.com.br\/index.php\/class\/divino-espirito-santo\/\"]}]},{\"@type\":\"ImageObject\",\"inLanguage\":\"en-US\",\"@id\":\"https:\/\/sbeneditosalto.com.br\/index.php\/class\/divino-espirito-santo\/#primaryimage\",\"url\":\"https:\/\/sbeneditosalto.com.br\/wp-content\/uploads\/2023\/12\/Divino-Espirito-Santo.jpg\",\"contentUrl\":\"https:\/\/sbeneditosalto.com.br\/wp-content\/uploads\/2023\/12\/Divino-Espirito-Santo.jpg\",\"width\":321,\"height\":240},{\"@type\":\"BreadcrumbList\",\"@id\":\"https:\/\/sbeneditosalto.com.br\/index.php\/class\/divino-espirito-santo\/#breadcrumb\",\"itemListElement\":[{\"@type\":\"ListItem\",\"position\":1,\"name\":\"In\u00edcio\",\"item\":\"https:\/\/sbeneditosalto.com.br\/\"},{\"@type\":\"ListItem\",\"position\":2,\"name\":\"Comunidades\",\"item\":\"https:\/\/sbeneditosalto.com.br\/index.php\/class\/\"},{\"@type\":\"ListItem\",\"position\":3,\"name\":\"Divino Espirito Santo\"}]},{\"@type\":\"WebSite\",\"@id\":\"https:\/\/sbeneditosalto.com.br\/#website\",\"url\":\"https:\/\/sbeneditosalto.com.br\/\",\"name\":\"Paroquia Sao Benedito\",\"description\":\"\",\"publisher\":{\"@id\":\"https:\/\/sbeneditosalto.com.br\/#organization\"},\"potentialAction\":[{\"@type\":\"SearchAction\",\"target\":{\"@type\":\"EntryPoint\",\"urlTemplate\":\"https:\/\/sbeneditosalto.com.br\/?s={search_term_string}\"},\"query-input\":\"required name=search_term_string\"}],\"inLanguage\":\"en-US\"},{\"@type\":\"Organization\",\"@id\":\"https:\/\/sbeneditosalto.com.br\/#organization\",\"name\":\"Paroquia Sao Benedito\",\"url\":\"https:\/\/sbeneditosalto.com.br\/\",\"logo\":{\"@type\":\"ImageObject\",\"inLanguage\":\"en-US\",\"@id\":\"https:\/\/sbeneditosalto.com.br\/#\/schema\/logo\/image\/\",\"url\":\"\",\"contentUrl\":\"\",\"caption\":\"Paroquia Sao Benedito\"},\"image\":{\"@id\":\"https:\/\/sbeneditosalto.com.br\/#\/schema\/logo\/image\/\"}}]}<\/script>\n<!-- \/ Yoast SEO plugin. -->","yoast_head_json":{"title":"Divino Espirito Santo - Paroquia Sao Benedito","robots":{"index":"index","follow":"follow","max-snippet":"max-snippet:-1","max-image-preview":"max-image-preview:large","max-video-preview":"max-video-preview:-1"},"canonical":"https:\/\/sbeneditosalto.com.br\/index.php\/class\/divino-espirito-santo\/","og_locale":"en_US","og_type":"article","og_title":"Divino Espirito Santo - Paroquia Sao Benedito","og_description":"Em 09 de fevereiro de 1965 come\u00e7ava a se tornar realidade o sonho da popula\u00e7\u00e3o do bairro Bela Vista e regi\u00e3o de ter sua capela. Nesse dia estava sendo lavrada a escritura do terreno, de 500 m2, doado por Hermenegildo Milioni.A ben\u00e7\u00e3o e o lan\u00e7amento da pedra fundamental foram feitos em 09 de setembro de [&hellip;]","og_url":"https:\/\/sbeneditosalto.com.br\/index.php\/class\/divino-espirito-santo\/","og_site_name":"Paroquia Sao Benedito","article_modified_time":"2023-12-07T20:38:03+00:00","og_image":[{"width":321,"height":240,"url":"https:\/\/sbeneditosalto.com.br\/wp-content\/uploads\/2023\/12\/Divino-Espirito-Santo.jpg","type":"image\/jpeg"}],"twitter_card":"summary_large_image","twitter_misc":{"Est. reading time":"3 minutes"},"schema":{"@context":"https:\/\/schema.org","@graph":[{"@type":"WebPage","@id":"https:\/\/sbeneditosalto.com.br\/index.php\/class\/divino-espirito-santo\/","url":"https:\/\/sbeneditosalto.com.br\/index.php\/class\/divino-espirito-santo\/","name":"Divino Espirito Santo - Paroquia Sao Benedito","isPartOf":{"@id":"https:\/\/sbeneditosalto.com.br\/#website"},"primaryImageOfPage":{"@id":"https:\/\/sbeneditosalto.com.br\/index.php\/class\/divino-espirito-santo\/#primaryimage"},"image":{"@id":"https:\/\/sbeneditosalto.com.br\/index.php\/class\/divino-espirito-santo\/#primaryimage"},"thumbnailUrl":"https:\/\/sbeneditosalto.com.br\/wp-content\/uploads\/2023\/12\/Divino-Espirito-Santo.jpg","datePublished":"2023-12-06T19:50:34+00:00","dateModified":"2023-12-07T20:38:03+00:00","breadcrumb":{"@id":"https:\/\/sbeneditosalto.com.br\/index.php\/class\/divino-espirito-santo\/#breadcrumb"},"inLanguage":"en-US","potentialAction":[{"@type":"ReadAction","target":["https:\/\/sbeneditosalto.com.br\/index.php\/class\/divino-espirito-santo\/"]}]},{"@type":"ImageObject","inLanguage":"en-US","@id":"https:\/\/sbeneditosalto.com.br\/index.php\/class\/divino-espirito-santo\/#primaryimage","url":"https:\/\/sbeneditosalto.com.br\/wp-content\/uploads\/2023\/12\/Divino-Espirito-Santo.jpg","contentUrl":"https:\/\/sbeneditosalto.com.br\/wp-content\/uploads\/2023\/12\/Divino-Espirito-Santo.jpg","width":321,"height":240},{"@type":"BreadcrumbList","@id":"https:\/\/sbeneditosalto.com.br\/index.php\/class\/divino-espirito-santo\/#breadcrumb","itemListElement":[{"@type":"ListItem","position":1,"name":"In\u00edcio","item":"https:\/\/sbeneditosalto.com.br\/"},{"@type":"ListItem","position":2,"name":"Comunidades","item":"https:\/\/sbeneditosalto.com.br\/index.php\/class\/"},{"@type":"ListItem","position":3,"name":"Divino Espirito Santo"}]},{"@type":"WebSite","@id":"https:\/\/sbeneditosalto.com.br\/#website","url":"https:\/\/sbeneditosalto.com.br\/","name":"Paroquia Sao Benedito","description":"","publisher":{"@id":"https:\/\/sbeneditosalto.com.br\/#organization"},"potentialAction":[{"@type":"SearchAction","target":{"@type":"EntryPoint","urlTemplate":"https:\/\/sbeneditosalto.com.br\/?s={search_term_string}"},"query-input":"required name=search_term_string"}],"inLanguage":"en-US"},{"@type":"Organization","@id":"https:\/\/sbeneditosalto.com.br\/#organization","name":"Paroquia Sao Benedito","url":"https:\/\/sbeneditosalto.com.br\/","logo":{"@type":"ImageObject","inLanguage":"en-US","@id":"https:\/\/sbeneditosalto.com.br\/#\/schema\/logo\/image\/","url":"","contentUrl":"","caption":"Paroquia Sao Benedito"},"image":{"@id":"https:\/\/sbeneditosalto.com.br\/#\/schema\/logo\/image\/"}}]}},"_links":{"self":[{"href":"https:\/\/sbeneditosalto.com.br\/index.php\/wp-json\/wp\/v2\/class\/1921"}],"collection":[{"href":"https:\/\/sbeneditosalto.com.br\/index.php\/wp-json\/wp\/v2\/class"}],"about":[{"href":"https:\/\/sbeneditosalto.com.br\/index.php\/wp-json\/wp\/v2\/types\/class"}],"replies":[{"embeddable":true,"href":"https:\/\/sbeneditosalto.com.br\/index.php\/wp-json\/wp\/v2\/comments?post=1921"}],"wp:featuredmedia":[{"embeddable":true,"href":"https:\/\/sbeneditosalto.com.br\/index.php\/wp-json\/wp\/v2\/media\/1990"}],"wp:attachment":[{"href":"https:\/\/sbeneditosalto.com.br\/index.php\/wp-json\/wp\/v2\/media?parent=1921"}],"curies":[{"name":"wp","href":"https:\/\/api.w.org\/{rel}","templated":true}]}}