{"id":1920,"date":"2023-12-06T16:49:24","date_gmt":"2023-12-06T19:49:24","guid":{"rendered":"https:\/\/sbeneditosalto.com.br\/?post_type=class&#038;p=1920"},"modified":"2023-12-07T17:38:14","modified_gmt":"2023-12-07T20:38:14","slug":"santa-ana-e-sao-joaquim","status":"publish","type":"class","link":"https:\/\/sbeneditosalto.com.br\/index.php\/class\/santa-ana-e-sao-joaquim\/","title":{"rendered":"Santa Ana e S\u00e3o Joaquim"},"content":{"rendered":"\n<p>A comunidade come\u00e7ou atrav\u00e9s do trabalho de evangeliza\u00e7\u00e3o no Parque Gl\u00f3ria e Vila Progresso, coordenado por Agostinho e Rosalina Cruchello, e auxiliados por C\u00e9lia Bistom, Ces\u00e1rio Lui e Amilcar Agnoletto, designados pelo ent\u00e3o P\u00e1roco C\u00f4nego Ivo Wells. Alguns moradores da regi\u00e3o \u2013 entre eles, Joana e Pedro Bicudo, Concei\u00e7\u00e3o e Santino Rodrigues, Lazinha Pantale\u00e3o, Clara M. das Dores, Carolina, Otilia Pavanelli e Antonio Rosa \u2013 juntaram-se ao grupo.<\/p>\n\n\n\n<p>A doa\u00e7\u00e3o do terreno aconteceu em 1976 por Gl\u00f3ria Agnoletto. Em outubro de 1978, era cogitada a constru\u00e7\u00e3o de um barrac\u00e3o, que seria inaugurado em mar\u00e7o do ano seguinte para ser a sede das celebra\u00e7\u00f5es e reuni\u00f5es da comunidade.<\/p>\n\n\n\n<p>A aprova\u00e7\u00e3o e apresenta\u00e7\u00e3o da planta aconteceram em meados de 1985 e a obra come\u00e7ou em abril de 1986.<\/p>\n\n\n\n<p>A inaugura\u00e7\u00e3o da Igreja aconteceu em 02 de agosto de 1992, celebrando a festa de Sant\u2019Ana. A missa solene foi presidida por Dom Roberto Pinarello de Almeida, Bispo Diocesano.<\/p>\n\n\n\n<p>A Festa dos padroeiros \u00e9 celebrada em 25 de julho ou num domingo pr\u00f3ximo.<\/p>\n\n\n\n<p>Fatos, datas e curiosidades.<\/p>\n\n\n\n<ul>\n<li>Escritura do terreno: foi lavrada em 31 de agosto de 1978.<\/li>\n\n\n\n<li>Grupos de jovens e de catequeses: tiveram in\u00edcio em 1979 sob coordena\u00e7\u00e3o de C\u00e9lia Biston, Leda Rossi e Ant\u00f4nia Nic\u00e1cio.<\/li>\n\n\n\n<li>Acidente ocorrido em 1987 provocou a queda do telhado. O fato causou como\u00e7\u00e3o popular e provocou anseio para retomarem as obras e conclu\u00edrem o templo.<\/li>\n\n\n\n<li>Conselho de Comunidade Eclesial de Base: foi formado ap\u00f3s uma reuni\u00e3o, realizada em 09 de agosto de 1978, na resid\u00eancia de Alceb\u00edades Eliz\u00e1rio dos Santos, presidida pelo P\u00e1roco C\u00f4nego Paulo Haenraetz.<\/li>\n\n\n\n<li>Bazar beneficente: o primeiro foi realizado na resid\u00eancia de Pedro e Joana Bicudo, onde era realizada a catequese.<\/li>\n\n\n\n<li>Doa\u00e7\u00f5es: em 26 de julho de 1988, o casal Carmo e Concei\u00e7\u00e3o Corr\u00eaa de Mello \u2013 respons\u00e1vel por angariar fundos para a constru\u00e7\u00e3o da Igreja \u2013 doaram a imagem de Sant\u2019Ana. Em 1991, Pedro Rudini e Lourdes Tonello doaram os pisos e o sino para a Igreja.<\/li>\n\n\n\n<li>Em agosto de 1988 foi formada uma comiss\u00e3o com Arlindo Valini, L\u00e1zaro Palhardi, Benedito Brock, In\u00e1cio Pinheiro, Jo\u00e3o Pedrina, Jos\u00e9 Carlos Grigoletto, Valter Deleg\u00e1, Antonio Teobaldo e Marcos Garavello, e suas esposas, para cuidar da catequese.<\/li>\n\n\n\n<li>Ministros extraordin\u00e1rios: Ant\u00f4nio Cruchello \u00e9 designado, em agosto de 1988, Ministro extraordin\u00e1rio da Palavra da comunidade, auxiliado na catequese por sua esposa Alice Campitelli Cruchello. Em junho de 1991 assume Ayrton Gardenal. Em 14 de dezembro de 1993 aconteceu a investidura de L\u00e1zaro Palhardi, Teresa On\u00f3ria G. Palhardi e Concei\u00e7\u00e3o Domingues Rodrigues. Em agosto de 1997 aconteceu a investidura de Marcos Ant\u00f4nio e Maria do Carmo T. Melchior. Em dezembro de 1998, a investidura de Doraci Castro Deleg\u00e1, Nair Rodrigues Brock, Erc\u00edlia Cardim de Almeida e Adelaide Corr\u00eaa de Lima.<\/li>\n\n\n\n<li>Obras: o Centro Comunit\u00e1rio come\u00e7ou a ser constru\u00eddo em novembro de 1993. O t\u00e9rmino da do piso inferior aconteceu em maio de 1994, e do superior, um ano depois. Em dezembro de 1999 ele foi ampliado e foi constru\u00edda a Capela do Sant\u00edssimo Sacramento.<\/li>\n\n\n\n<li>C.A.C. (Conselho Administrativo da Comunidade): Em outubro de 1998 a equipe estava sendo formada por L\u00e1zaro Palhardi (moderador), Marcos Ant\u00f4nio e Maria do Carmo Melchior (secret\u00e1rios), Luiz Gustavo Moreira (tesoureiro) e Carlos Eduardo Campanini.<\/li>\n\n\n\n<li>C.P.C (Conselho Pastoral da Comunidade): formado em outubro de 1998 foi constitu\u00eddo por: Rosa Celeste Z. Stringh (coordenadora), Luciano Bueno de Camargo (vice), Teresinha Maria A. Leme (secret\u00e1ria) e Marcos Garavello (historiador).<\/li>\n\n\n\n<li>Coordena\u00e7\u00e3o: Ant\u00f4nio Teobaldo assume em abril de 1996.<\/li>\n\n\n\n<li>Diretoria: a primeira foi composta por Santino Rodrigues (presidente), Jorge Rodrigues (vice), Miguel Rufino e Silvino Franco (secret\u00e1rios), Marta Pavanelli e Pedro Vital (tesoureiros). Na inaugura\u00e7\u00e3o da Igreja<\/li>\n\n\n\n<li>Tomaram posse na coordena\u00e7\u00e3o posterior: Jos\u00e9 Alonso (coordenador), Jos\u00e9 Carlos e Vanilde Grigoletto (secret\u00e1rios), L\u00e1zaro Palhardi e In\u00e1cio Pinheiro (tesoureiros) e Ant\u00f4nio Teobaldo (representante junto ao C.P.P.).<\/li>\n\n\n\n<li>Assumiram, em janeiro de 1996, os seguintes membros: Claudecir Galdino (coordenador), Aparecido S. Moreira (secret\u00e1rio), Luiz G. Moreira e Antonio Teobaldo (tesoureiros).<\/li>\n\n\n\n<li>No in\u00edcio de 1998 tomaram posse: L\u00e1zaro Palhardi (coordenador), Aparecido B. Pedroso (vice), Maria do Carmo T. Melchior (secret\u00e1ria), Luiz Gustavo Moreira e Carlos Eduardo Campanini (tesoureiros).<\/li>\n\n\n\n<li>Visita Pastoral: Dom Amaury Castanho, Bispo Diocesano, esteve na Igreja de Sant\u2019Ana e S\u00e3o Joaquim presidindo missa durante Visita Pastoral. Data: 26 de abril de 2002.<\/li>\n<\/ul>\n\n\n\n<p>Endere\u00e7o: Rua Vicente de Carvalho, 179 &#8211; Vila Progresso (Pq. Gl\u00f3ria).<\/p>\n\n\n\n<p>Coordenador de Pastoral: Jos\u00e9 Carlos da Silva Paes<\/p>\n","protected":false},"featured_media":1991,"comment_status":"closed","ping_status":"closed","template":"","blocksy_meta":"","yoast_head":"<!-- This site is optimized with the Yoast SEO plugin v22.4 - https:\/\/yoast.com\/wordpress\/plugins\/seo\/ -->\n<title>Santa Ana e S\u00e3o Joaquim - Paroquia Sao Benedito<\/title>\n<meta name=\"robots\" content=\"index, follow, max-snippet:-1, max-image-preview:large, max-video-preview:-1\" \/>\n<link rel=\"canonical\" href=\"https:\/\/sbeneditosalto.com.br\/index.php\/class\/santa-ana-e-sao-joaquim\/\" \/>\n<meta property=\"og:locale\" content=\"en_US\" \/>\n<meta property=\"og:type\" content=\"article\" \/>\n<meta property=\"og:title\" content=\"Santa Ana e S\u00e3o Joaquim - Paroquia Sao Benedito\" \/>\n<meta property=\"og:description\" content=\"A comunidade come\u00e7ou atrav\u00e9s do trabalho de evangeliza\u00e7\u00e3o no Parque Gl\u00f3ria e Vila Progresso, coordenado por Agostinho e Rosalina Cruchello, e auxiliados por C\u00e9lia Bistom, Ces\u00e1rio Lui e Amilcar Agnoletto, designados pelo ent\u00e3o P\u00e1roco C\u00f4nego Ivo Wells. Alguns moradores da regi\u00e3o \u2013 entre eles, Joana e Pedro Bicudo, Concei\u00e7\u00e3o e Santino Rodrigues, Lazinha Pantale\u00e3o, Clara [&hellip;]\" \/>\n<meta property=\"og:url\" content=\"https:\/\/sbeneditosalto.com.br\/index.php\/class\/santa-ana-e-sao-joaquim\/\" \/>\n<meta property=\"og:site_name\" content=\"Paroquia Sao Benedito\" \/>\n<meta property=\"article:modified_time\" content=\"2023-12-07T20:38:14+00:00\" \/>\n<meta property=\"og:image\" content=\"https:\/\/sbeneditosalto.com.br\/wp-content\/uploads\/2023\/12\/Santa-Ana-e-Sao-Joaquim.gif\" \/>\n\t<meta property=\"og:image:width\" content=\"200\" \/>\n\t<meta property=\"og:image:height\" content=\"132\" \/>\n\t<meta property=\"og:image:type\" content=\"image\/gif\" \/>\n<meta name=\"twitter:card\" content=\"summary_large_image\" \/>\n<meta name=\"twitter:label1\" content=\"Est. reading time\" \/>\n\t<meta name=\"twitter:data1\" content=\"4 minutes\" \/>\n<script type=\"application\/ld+json\" class=\"yoast-schema-graph\">{\"@context\":\"https:\/\/schema.org\",\"@graph\":[{\"@type\":\"WebPage\",\"@id\":\"https:\/\/sbeneditosalto.com.br\/index.php\/class\/santa-ana-e-sao-joaquim\/\",\"url\":\"https:\/\/sbeneditosalto.com.br\/index.php\/class\/santa-ana-e-sao-joaquim\/\",\"name\":\"Santa Ana e S\u00e3o Joaquim - Paroquia Sao Benedito\",\"isPartOf\":{\"@id\":\"https:\/\/sbeneditosalto.com.br\/#website\"},\"primaryImageOfPage\":{\"@id\":\"https:\/\/sbeneditosalto.com.br\/index.php\/class\/santa-ana-e-sao-joaquim\/#primaryimage\"},\"image\":{\"@id\":\"https:\/\/sbeneditosalto.com.br\/index.php\/class\/santa-ana-e-sao-joaquim\/#primaryimage\"},\"thumbnailUrl\":\"https:\/\/sbeneditosalto.com.br\/wp-content\/uploads\/2023\/12\/Santa-Ana-e-Sao-Joaquim.gif\",\"datePublished\":\"2023-12-06T19:49:24+00:00\",\"dateModified\":\"2023-12-07T20:38:14+00:00\",\"breadcrumb\":{\"@id\":\"https:\/\/sbeneditosalto.com.br\/index.php\/class\/santa-ana-e-sao-joaquim\/#breadcrumb\"},\"inLanguage\":\"en-US\",\"potentialAction\":[{\"@type\":\"ReadAction\",\"target\":[\"https:\/\/sbeneditosalto.com.br\/index.php\/class\/santa-ana-e-sao-joaquim\/\"]}]},{\"@type\":\"ImageObject\",\"inLanguage\":\"en-US\",\"@id\":\"https:\/\/sbeneditosalto.com.br\/index.php\/class\/santa-ana-e-sao-joaquim\/#primaryimage\",\"url\":\"https:\/\/sbeneditosalto.com.br\/wp-content\/uploads\/2023\/12\/Santa-Ana-e-Sao-Joaquim.gif\",\"contentUrl\":\"https:\/\/sbeneditosalto.com.br\/wp-content\/uploads\/2023\/12\/Santa-Ana-e-Sao-Joaquim.gif\",\"width\":200,\"height\":132},{\"@type\":\"BreadcrumbList\",\"@id\":\"https:\/\/sbeneditosalto.com.br\/index.php\/class\/santa-ana-e-sao-joaquim\/#breadcrumb\",\"itemListElement\":[{\"@type\":\"ListItem\",\"position\":1,\"name\":\"In\u00edcio\",\"item\":\"https:\/\/sbeneditosalto.com.br\/\"},{\"@type\":\"ListItem\",\"position\":2,\"name\":\"Comunidades\",\"item\":\"https:\/\/sbeneditosalto.com.br\/index.php\/class\/\"},{\"@type\":\"ListItem\",\"position\":3,\"name\":\"Santa Ana e S\u00e3o Joaquim\"}]},{\"@type\":\"WebSite\",\"@id\":\"https:\/\/sbeneditosalto.com.br\/#website\",\"url\":\"https:\/\/sbeneditosalto.com.br\/\",\"name\":\"Paroquia Sao Benedito\",\"description\":\"\",\"publisher\":{\"@id\":\"https:\/\/sbeneditosalto.com.br\/#organization\"},\"potentialAction\":[{\"@type\":\"SearchAction\",\"target\":{\"@type\":\"EntryPoint\",\"urlTemplate\":\"https:\/\/sbeneditosalto.com.br\/?s={search_term_string}\"},\"query-input\":\"required name=search_term_string\"}],\"inLanguage\":\"en-US\"},{\"@type\":\"Organization\",\"@id\":\"https:\/\/sbeneditosalto.com.br\/#organization\",\"name\":\"Paroquia Sao Benedito\",\"url\":\"https:\/\/sbeneditosalto.com.br\/\",\"logo\":{\"@type\":\"ImageObject\",\"inLanguage\":\"en-US\",\"@id\":\"https:\/\/sbeneditosalto.com.br\/#\/schema\/logo\/image\/\",\"url\":\"\",\"contentUrl\":\"\",\"caption\":\"Paroquia Sao Benedito\"},\"image\":{\"@id\":\"https:\/\/sbeneditosalto.com.br\/#\/schema\/logo\/image\/\"}}]}<\/script>\n<!-- \/ Yoast SEO plugin. -->","yoast_head_json":{"title":"Santa Ana e S\u00e3o Joaquim - Paroquia Sao Benedito","robots":{"index":"index","follow":"follow","max-snippet":"max-snippet:-1","max-image-preview":"max-image-preview:large","max-video-preview":"max-video-preview:-1"},"canonical":"https:\/\/sbeneditosalto.com.br\/index.php\/class\/santa-ana-e-sao-joaquim\/","og_locale":"en_US","og_type":"article","og_title":"Santa Ana e S\u00e3o Joaquim - Paroquia Sao Benedito","og_description":"A comunidade come\u00e7ou atrav\u00e9s do trabalho de evangeliza\u00e7\u00e3o no Parque Gl\u00f3ria e Vila Progresso, coordenado por Agostinho e Rosalina Cruchello, e auxiliados por C\u00e9lia Bistom, Ces\u00e1rio Lui e Amilcar Agnoletto, designados pelo ent\u00e3o P\u00e1roco C\u00f4nego Ivo Wells. Alguns moradores da regi\u00e3o \u2013 entre eles, Joana e Pedro Bicudo, Concei\u00e7\u00e3o e Santino Rodrigues, Lazinha Pantale\u00e3o, Clara [&hellip;]","og_url":"https:\/\/sbeneditosalto.com.br\/index.php\/class\/santa-ana-e-sao-joaquim\/","og_site_name":"Paroquia Sao Benedito","article_modified_time":"2023-12-07T20:38:14+00:00","og_image":[{"width":200,"height":132,"url":"https:\/\/sbeneditosalto.com.br\/wp-content\/uploads\/2023\/12\/Santa-Ana-e-Sao-Joaquim.gif","type":"image\/gif"}],"twitter_card":"summary_large_image","twitter_misc":{"Est. reading time":"4 minutes"},"schema":{"@context":"https:\/\/schema.org","@graph":[{"@type":"WebPage","@id":"https:\/\/sbeneditosalto.com.br\/index.php\/class\/santa-ana-e-sao-joaquim\/","url":"https:\/\/sbeneditosalto.com.br\/index.php\/class\/santa-ana-e-sao-joaquim\/","name":"Santa Ana e S\u00e3o Joaquim - Paroquia Sao Benedito","isPartOf":{"@id":"https:\/\/sbeneditosalto.com.br\/#website"},"primaryImageOfPage":{"@id":"https:\/\/sbeneditosalto.com.br\/index.php\/class\/santa-ana-e-sao-joaquim\/#primaryimage"},"image":{"@id":"https:\/\/sbeneditosalto.com.br\/index.php\/class\/santa-ana-e-sao-joaquim\/#primaryimage"},"thumbnailUrl":"https:\/\/sbeneditosalto.com.br\/wp-content\/uploads\/2023\/12\/Santa-Ana-e-Sao-Joaquim.gif","datePublished":"2023-12-06T19:49:24+00:00","dateModified":"2023-12-07T20:38:14+00:00","breadcrumb":{"@id":"https:\/\/sbeneditosalto.com.br\/index.php\/class\/santa-ana-e-sao-joaquim\/#breadcrumb"},"inLanguage":"en-US","potentialAction":[{"@type":"ReadAction","target":["https:\/\/sbeneditosalto.com.br\/index.php\/class\/santa-ana-e-sao-joaquim\/"]}]},{"@type":"ImageObject","inLanguage":"en-US","@id":"https:\/\/sbeneditosalto.com.br\/index.php\/class\/santa-ana-e-sao-joaquim\/#primaryimage","url":"https:\/\/sbeneditosalto.com.br\/wp-content\/uploads\/2023\/12\/Santa-Ana-e-Sao-Joaquim.gif","contentUrl":"https:\/\/sbeneditosalto.com.br\/wp-content\/uploads\/2023\/12\/Santa-Ana-e-Sao-Joaquim.gif","width":200,"height":132},{"@type":"BreadcrumbList","@id":"https:\/\/sbeneditosalto.com.br\/index.php\/class\/santa-ana-e-sao-joaquim\/#breadcrumb","itemListElement":[{"@type":"ListItem","position":1,"name":"In\u00edcio","item":"https:\/\/sbeneditosalto.com.br\/"},{"@type":"ListItem","position":2,"name":"Comunidades","item":"https:\/\/sbeneditosalto.com.br\/index.php\/class\/"},{"@type":"ListItem","position":3,"name":"Santa Ana e S\u00e3o Joaquim"}]},{"@type":"WebSite","@id":"https:\/\/sbeneditosalto.com.br\/#website","url":"https:\/\/sbeneditosalto.com.br\/","name":"Paroquia Sao Benedito","description":"","publisher":{"@id":"https:\/\/sbeneditosalto.com.br\/#organization"},"potentialAction":[{"@type":"SearchAction","target":{"@type":"EntryPoint","urlTemplate":"https:\/\/sbeneditosalto.com.br\/?s={search_term_string}"},"query-input":"required name=search_term_string"}],"inLanguage":"en-US"},{"@type":"Organization","@id":"https:\/\/sbeneditosalto.com.br\/#organization","name":"Paroquia Sao Benedito","url":"https:\/\/sbeneditosalto.com.br\/","logo":{"@type":"ImageObject","inLanguage":"en-US","@id":"https:\/\/sbeneditosalto.com.br\/#\/schema\/logo\/image\/","url":"","contentUrl":"","caption":"Paroquia Sao Benedito"},"image":{"@id":"https:\/\/sbeneditosalto.com.br\/#\/schema\/logo\/image\/"}}]}},"_links":{"self":[{"href":"https:\/\/sbeneditosalto.com.br\/index.php\/wp-json\/wp\/v2\/class\/1920"}],"collection":[{"href":"https:\/\/sbeneditosalto.com.br\/index.php\/wp-json\/wp\/v2\/class"}],"about":[{"href":"https:\/\/sbeneditosalto.com.br\/index.php\/wp-json\/wp\/v2\/types\/class"}],"replies":[{"embeddable":true,"href":"https:\/\/sbeneditosalto.com.br\/index.php\/wp-json\/wp\/v2\/comments?post=1920"}],"wp:featuredmedia":[{"embeddable":true,"href":"https:\/\/sbeneditosalto.com.br\/index.php\/wp-json\/wp\/v2\/media\/1991"}],"wp:attachment":[{"href":"https:\/\/sbeneditosalto.com.br\/index.php\/wp-json\/wp\/v2\/media?parent=1920"}],"curies":[{"name":"wp","href":"https:\/\/api.w.org\/{rel}","templated":true}]}}