{"id":1919,"date":"2023-12-06T16:48:56","date_gmt":"2023-12-06T19:48:56","guid":{"rendered":"https:\/\/sbeneditosalto.com.br\/?post_type=class&#038;p=1919"},"modified":"2023-12-07T17:38:24","modified_gmt":"2023-12-07T20:38:24","slug":"santo-inacio-de-loyola","status":"publish","type":"class","link":"https:\/\/sbeneditosalto.com.br\/index.php\/class\/santo-inacio-de-loyola\/","title":{"rendered":"Santo In\u00e1cio de Loyola"},"content":{"rendered":"\n<p>A primeira reuni\u00e3o, cogitando a forma\u00e7\u00e3o de uma nova comunidade, foi realizada em abril de 1984, na resid\u00eancia de Jaime Gomes e Aparecida Martimbianco dos Santos, e foi presidida pelo P\u00e1roco C\u00f4nego Paulo Haenraetz, irm\u00e3s Ludivina e Margareth, da Ordem das Franciscanas da M\u00e3e Dolorosa, e alguns moradores do Jardim Santo In\u00e1cio.<br>A doa\u00e7\u00e3o do terreno foi feita no mesmo m\u00eas. Em mar\u00e7o de 1985 era lan\u00e7ada a pedra fundamental da Capela. Tr\u00eas meses depois era instalado um barrac\u00e3o com cobertura de zinco, doado pelas religiosas franciscanas. Come\u00e7avam a ser realizados os primeiros movimentos festivos.<br>A primeira missa foi celebrada em agosto de 1985, na Igreja ainda em constru\u00e7\u00e3o. A finaliza\u00e7\u00e3o das obras aconteceu em dezembro de 1987.<br>A Igreja recebeu, em 17 de julho de 1988, Festa do Padroeiro, a imagem de Santo In\u00e1cio de Loyola, esculpida pelo artista pl\u00e1stico saltense, Henrique Castellari J\u00fanior, e doada pelo Padre Francisco Rigolin e seus pais. A imagem foi levada em prociss\u00e3o. Nesse dia o hino do padroeiro foi cantado pela primeira vez.<br>Na Festa do Padroeiro, em 1\u00ba de agosto de 1998, foram apresentados o Crucifixo, o Sacr\u00e1rio e a nova imagem de Santo In\u00e1cio de Loyola.<\/p>\n\n\n\n<p>Fatos hist\u00f3ricos:<\/p>\n\n\n\n<ul>\n<li>Primeira Novena do Natal: foi realizada nos meses de novembro e dezembro de 1984.<\/li>\n\n\n\n<li>Coordena\u00e7\u00e3o: a primeira foi comandada por Maria Sebastiana da Rocha. Aparecida Martimbianco dos Santos foi eleita para o cargo em novembro de 1985. Em 26 de novembro de 1989 assume Aparecido Donizeti Branco. Jos\u00e9 Aparecido da Rocha foi eleito em 1\u00ba de janeiro de 1992. No in\u00edcio de 1994 assumiu Milton dos Santos de Castro. Em 1996, Jos\u00e9 Carlos Elias tomou posse.<\/li>\n\n\n\n<li>Primeira Festa da Comunidade: aconteceu em julho de 1985 e foi organizada com apoio da Comunidade Divino Esp\u00edrito Santo. Tamb\u00e9m foi celebrada a primeira missa, presidida pelo P\u00e1roco C\u00f4nego Paulo Haenraetz.<\/li>\n\n\n\n<li>Mudan\u00e7as: em 1986 foi constru\u00edda uma sala \u2013 para reuni\u00e3o, missas e celebra\u00e7\u00f5es \u2013 e uma cozinha. As obras de amplia\u00e7\u00e3o, que come\u00e7aram em 1989, foram finalizadas no final de 1990. A partir de julho de 1998, a Igreja tamb\u00e9m passou a contar com grades de prote\u00e7\u00e3o ao seu redor. Em novembro do mesmo ano foram colocados os pisos, adquiridos numa campanha iniciada em setembro.<\/li>\n\n\n\n<li>Salmistas: as primeiras foram Maria Madalena Corr\u00eaa e Virg\u00ednia Aparecida Gomes dos Santos, em 1986.<\/li>\n\n\n\n<li>Diretoria: a primeira, eleita em 30 de agosto de 1987, era composta por Jos\u00e9 Severino Fernandes (coordenador), Jos\u00e9 Aparecido da Rocha (vice), Jos\u00e9 Arimat\u00e9ia da Silva e Maria Helena Louren\u00e7o Farias (tesoureiros) e Edna da Costa (secret\u00e1ria). Em 1\u00ba de janeiro de 1998 assumiram os membros: Rubens Peron (coordenador), Jaime Gomes dos Santos (vice), Valter Donizete Puebla e Joel de Farias (tesoureiros), Maria S\u00f4nia G. de Paula (secret\u00e1ria).<\/li>\n\n\n\n<li>Pastoral da Sa\u00fade: foi criada em novembro de 1987. A coordenadora era Zenaide Belezzi.<\/li>\n\n\n\n<li>Nossa Senhora das Neves: a imagem \u2013 padroeira do bairro Buru \u2013 visitou a comunidade em janeiro de 1988.<\/li>\n\n\n\n<li>Pastoral do D\u00edzimo: teve in\u00edcio em janeiro de 1988, mesmo ano que aconteceu uma reuni\u00e3o para formalizar a aquisi\u00e7\u00e3o de um terreno para a amplia\u00e7\u00e3o da Igreja.<\/li>\n\n\n\n<li>Primeira Eucaristia: a primeira Celebra\u00e7\u00e3o com crian\u00e7as que fizeram a catequese na comunidade, foi realizada em maio de 1988, presidida pelo p\u00e1roco Padre Geraldo da Cruz Bicudo de Almeida.<\/li>\n\n\n\n<li>Compras: um novo terreno foi comprado de Romeu Telesi em 25 de maio de 1988. As portas e vitr\u00f4s foram adquiridoa em fevereiro de 1996.<\/li>\n\n\n\n<li>Pastoral da Perseveran\u00e7a: o grupo teve in\u00edcio em junho de 1988. Os catequistas eram Jos\u00e9 Aparecido da Rocha e Simone Pavin.<\/li>\n\n\n\n<li>Pastoral da Crian\u00e7a: as atividades come\u00e7aram em janeiro de 1991 sob a orienta\u00e7\u00e3o de Maria In\u00eas Fontana Pravatta.<\/li>\n\n\n\n<li>Pastoral da Liturgia: iniciou-se em junho de 1991 sob a coordena\u00e7\u00e3o de Jo\u00e3o Maria da Rocha.<\/li>\n\n\n\n<li>Ministros extraordin\u00e1rios da Palavra: foi indicado em 1992, Jos\u00e9 Leopoldino. Em 1994 foi substitu\u00eddo por Roque Pandini. Em 14 de novembro de 1993 aconteceu a investidura de Aparecido Donizeti Branco como Ministro da Comunh\u00e3o.<\/li>\n\n\n\n<li>Nova Igreja: a planta foi apresentada em 12 de fevereiro de 1995 e aprovada em 10 de novembro do mesmo ano. A constru\u00e7\u00e3o come\u00e7ou quatro dias ap\u00f3s a aprova\u00e7\u00e3o.<\/li>\n\n\n\n<li>Catequese da Crisma: iniciou-se em abril de 1995 sob a dire\u00e7\u00e3o de Jos\u00e9 Aparecido da Rocha.<\/li>\n\n\n\n<li>Festa Junina: aconteceu em junho de 1996 para arrecadar verba em prol da compra de materiais de acabamento da Igreja.<\/li>\n\n\n\n<li>Investidura: de Zenaide Belezzi como Ministra extraordin\u00e1ria da Comunh\u00e3o Eucar\u00edstica, em 25 de agosto de 1996, e de Jo\u00e3o Maria da Rocha e Gen\u00e9sio Rodrigues da Silva, em 22 de junho de 1997. In\u00eas Almeida Rocha foi investida em 19 de dezembro de 1998.<\/li>\n\n\n\n<li>C.A.C (Conselho Administrativo da Comunidade): surgiu em 29 de dezembro de 1999, em reuni\u00e3o presidida pelo P\u00e1roco Padre Jo\u00e3o Estev\u00e3o da Silva. Os membros eleitos foram: Jos\u00e9 Carlos Elias (coordenador), Marcelino Alves Nicolau e Rubens Peron (tesoureiros), Maria S\u00f4nia G. de Paula e Maria Jos\u00e9 de Jesus F. Limas (secret\u00e1rias).<\/li>\n\n\n\n<li>Pastorais: com atividades em maio de 1999 eram \u2013 da Sa\u00fade, dos Ministros extraordin\u00e1rios, da Liturgia, do Canto Lit\u00fargico, do D\u00edzimo, do Ter\u00e7o, do Batismo, da Crian\u00e7a e da Juventude, e catequeses da Primeira Eucaristia, Crisma e Perseveran\u00e7a. Mant\u00e9m todas at\u00e9 hoje, com exce\u00e7\u00e3o da Pastoral do Ter\u00e7o e da Juventude. Tamb\u00e9m foi criada a Pastoral da M\u00e3e Peregrina.<\/li>\n\n\n\n<li>Visita Pastoral: realizada pelo bispo diocesano Dom Amaury Castanho em 28 de abril de 2000. O Bispo presidiu Missa na Comunidade.<\/li>\n<\/ul>\n\n\n\n<p>Endere\u00e7o: Rua Melvin Jones, 749 &#8211; Jardim Santo In\u00e1cio.<\/p>\n\n\n\n<p>Coordenadores de Pastoral: Vilson da Silva e C\u00e9lia Maria Escano<\/p>\n","protected":false},"featured_media":1986,"comment_status":"closed","ping_status":"closed","template":"","blocksy_meta":"","yoast_head":"<!-- This site is optimized with the Yoast SEO plugin v22.4 - https:\/\/yoast.com\/wordpress\/plugins\/seo\/ -->\n<title>Santo In\u00e1cio de Loyola - Paroquia Sao Benedito<\/title>\n<meta name=\"robots\" content=\"index, follow, max-snippet:-1, max-image-preview:large, max-video-preview:-1\" \/>\n<link rel=\"canonical\" href=\"https:\/\/sbeneditosalto.com.br\/index.php\/class\/santo-inacio-de-loyola\/\" \/>\n<meta property=\"og:locale\" content=\"en_US\" \/>\n<meta property=\"og:type\" content=\"article\" \/>\n<meta property=\"og:title\" content=\"Santo In\u00e1cio de Loyola - Paroquia Sao Benedito\" \/>\n<meta property=\"og:description\" content=\"A primeira reuni\u00e3o, cogitando a forma\u00e7\u00e3o de uma nova comunidade, foi realizada em abril de 1984, na resid\u00eancia de Jaime Gomes e Aparecida Martimbianco dos Santos, e foi presidida pelo P\u00e1roco C\u00f4nego Paulo Haenraetz, irm\u00e3s Ludivina e Margareth, da Ordem das Franciscanas da M\u00e3e Dolorosa, e alguns moradores do Jardim Santo In\u00e1cio.A doa\u00e7\u00e3o do terreno [&hellip;]\" \/>\n<meta property=\"og:url\" content=\"https:\/\/sbeneditosalto.com.br\/index.php\/class\/santo-inacio-de-loyola\/\" \/>\n<meta property=\"og:site_name\" content=\"Paroquia Sao Benedito\" \/>\n<meta property=\"article:modified_time\" content=\"2023-12-07T20:38:24+00:00\" \/>\n<meta property=\"og:image\" content=\"https:\/\/sbeneditosalto.com.br\/wp-content\/uploads\/2023\/12\/Santo-Inacio-de-Loyola.jpg\" \/>\n\t<meta property=\"og:image:width\" content=\"1280\" \/>\n\t<meta property=\"og:image:height\" content=\"720\" \/>\n\t<meta property=\"og:image:type\" content=\"image\/jpeg\" \/>\n<meta name=\"twitter:card\" content=\"summary_large_image\" \/>\n<meta name=\"twitter:label1\" content=\"Est. reading time\" \/>\n\t<meta name=\"twitter:data1\" content=\"5 minutes\" \/>\n<script type=\"application\/ld+json\" class=\"yoast-schema-graph\">{\"@context\":\"https:\/\/schema.org\",\"@graph\":[{\"@type\":\"WebPage\",\"@id\":\"https:\/\/sbeneditosalto.com.br\/index.php\/class\/santo-inacio-de-loyola\/\",\"url\":\"https:\/\/sbeneditosalto.com.br\/index.php\/class\/santo-inacio-de-loyola\/\",\"name\":\"Santo In\u00e1cio de Loyola - Paroquia Sao Benedito\",\"isPartOf\":{\"@id\":\"https:\/\/sbeneditosalto.com.br\/#website\"},\"primaryImageOfPage\":{\"@id\":\"https:\/\/sbeneditosalto.com.br\/index.php\/class\/santo-inacio-de-loyola\/#primaryimage\"},\"image\":{\"@id\":\"https:\/\/sbeneditosalto.com.br\/index.php\/class\/santo-inacio-de-loyola\/#primaryimage\"},\"thumbnailUrl\":\"https:\/\/sbeneditosalto.com.br\/wp-content\/uploads\/2023\/12\/Santo-Inacio-de-Loyola.jpg\",\"datePublished\":\"2023-12-06T19:48:56+00:00\",\"dateModified\":\"2023-12-07T20:38:24+00:00\",\"breadcrumb\":{\"@id\":\"https:\/\/sbeneditosalto.com.br\/index.php\/class\/santo-inacio-de-loyola\/#breadcrumb\"},\"inLanguage\":\"en-US\",\"potentialAction\":[{\"@type\":\"ReadAction\",\"target\":[\"https:\/\/sbeneditosalto.com.br\/index.php\/class\/santo-inacio-de-loyola\/\"]}]},{\"@type\":\"ImageObject\",\"inLanguage\":\"en-US\",\"@id\":\"https:\/\/sbeneditosalto.com.br\/index.php\/class\/santo-inacio-de-loyola\/#primaryimage\",\"url\":\"https:\/\/sbeneditosalto.com.br\/wp-content\/uploads\/2023\/12\/Santo-Inacio-de-Loyola.jpg\",\"contentUrl\":\"https:\/\/sbeneditosalto.com.br\/wp-content\/uploads\/2023\/12\/Santo-Inacio-de-Loyola.jpg\",\"width\":1280,\"height\":720},{\"@type\":\"BreadcrumbList\",\"@id\":\"https:\/\/sbeneditosalto.com.br\/index.php\/class\/santo-inacio-de-loyola\/#breadcrumb\",\"itemListElement\":[{\"@type\":\"ListItem\",\"position\":1,\"name\":\"In\u00edcio\",\"item\":\"https:\/\/sbeneditosalto.com.br\/\"},{\"@type\":\"ListItem\",\"position\":2,\"name\":\"Comunidades\",\"item\":\"https:\/\/sbeneditosalto.com.br\/index.php\/class\/\"},{\"@type\":\"ListItem\",\"position\":3,\"name\":\"Santo In\u00e1cio de Loyola\"}]},{\"@type\":\"WebSite\",\"@id\":\"https:\/\/sbeneditosalto.com.br\/#website\",\"url\":\"https:\/\/sbeneditosalto.com.br\/\",\"name\":\"Paroquia Sao Benedito\",\"description\":\"\",\"publisher\":{\"@id\":\"https:\/\/sbeneditosalto.com.br\/#organization\"},\"potentialAction\":[{\"@type\":\"SearchAction\",\"target\":{\"@type\":\"EntryPoint\",\"urlTemplate\":\"https:\/\/sbeneditosalto.com.br\/?s={search_term_string}\"},\"query-input\":\"required name=search_term_string\"}],\"inLanguage\":\"en-US\"},{\"@type\":\"Organization\",\"@id\":\"https:\/\/sbeneditosalto.com.br\/#organization\",\"name\":\"Paroquia Sao Benedito\",\"url\":\"https:\/\/sbeneditosalto.com.br\/\",\"logo\":{\"@type\":\"ImageObject\",\"inLanguage\":\"en-US\",\"@id\":\"https:\/\/sbeneditosalto.com.br\/#\/schema\/logo\/image\/\",\"url\":\"\",\"contentUrl\":\"\",\"caption\":\"Paroquia Sao Benedito\"},\"image\":{\"@id\":\"https:\/\/sbeneditosalto.com.br\/#\/schema\/logo\/image\/\"}}]}<\/script>\n<!-- \/ Yoast SEO plugin. -->","yoast_head_json":{"title":"Santo In\u00e1cio de Loyola - Paroquia Sao Benedito","robots":{"index":"index","follow":"follow","max-snippet":"max-snippet:-1","max-image-preview":"max-image-preview:large","max-video-preview":"max-video-preview:-1"},"canonical":"https:\/\/sbeneditosalto.com.br\/index.php\/class\/santo-inacio-de-loyola\/","og_locale":"en_US","og_type":"article","og_title":"Santo In\u00e1cio de Loyola - Paroquia Sao Benedito","og_description":"A primeira reuni\u00e3o, cogitando a forma\u00e7\u00e3o de uma nova comunidade, foi realizada em abril de 1984, na resid\u00eancia de Jaime Gomes e Aparecida Martimbianco dos Santos, e foi presidida pelo P\u00e1roco C\u00f4nego Paulo Haenraetz, irm\u00e3s Ludivina e Margareth, da Ordem das Franciscanas da M\u00e3e Dolorosa, e alguns moradores do Jardim Santo In\u00e1cio.A doa\u00e7\u00e3o do terreno [&hellip;]","og_url":"https:\/\/sbeneditosalto.com.br\/index.php\/class\/santo-inacio-de-loyola\/","og_site_name":"Paroquia Sao Benedito","article_modified_time":"2023-12-07T20:38:24+00:00","og_image":[{"width":1280,"height":720,"url":"https:\/\/sbeneditosalto.com.br\/wp-content\/uploads\/2023\/12\/Santo-Inacio-de-Loyola.jpg","type":"image\/jpeg"}],"twitter_card":"summary_large_image","twitter_misc":{"Est. reading time":"5 minutes"},"schema":{"@context":"https:\/\/schema.org","@graph":[{"@type":"WebPage","@id":"https:\/\/sbeneditosalto.com.br\/index.php\/class\/santo-inacio-de-loyola\/","url":"https:\/\/sbeneditosalto.com.br\/index.php\/class\/santo-inacio-de-loyola\/","name":"Santo In\u00e1cio de Loyola - Paroquia Sao Benedito","isPartOf":{"@id":"https:\/\/sbeneditosalto.com.br\/#website"},"primaryImageOfPage":{"@id":"https:\/\/sbeneditosalto.com.br\/index.php\/class\/santo-inacio-de-loyola\/#primaryimage"},"image":{"@id":"https:\/\/sbeneditosalto.com.br\/index.php\/class\/santo-inacio-de-loyola\/#primaryimage"},"thumbnailUrl":"https:\/\/sbeneditosalto.com.br\/wp-content\/uploads\/2023\/12\/Santo-Inacio-de-Loyola.jpg","datePublished":"2023-12-06T19:48:56+00:00","dateModified":"2023-12-07T20:38:24+00:00","breadcrumb":{"@id":"https:\/\/sbeneditosalto.com.br\/index.php\/class\/santo-inacio-de-loyola\/#breadcrumb"},"inLanguage":"en-US","potentialAction":[{"@type":"ReadAction","target":["https:\/\/sbeneditosalto.com.br\/index.php\/class\/santo-inacio-de-loyola\/"]}]},{"@type":"ImageObject","inLanguage":"en-US","@id":"https:\/\/sbeneditosalto.com.br\/index.php\/class\/santo-inacio-de-loyola\/#primaryimage","url":"https:\/\/sbeneditosalto.com.br\/wp-content\/uploads\/2023\/12\/Santo-Inacio-de-Loyola.jpg","contentUrl":"https:\/\/sbeneditosalto.com.br\/wp-content\/uploads\/2023\/12\/Santo-Inacio-de-Loyola.jpg","width":1280,"height":720},{"@type":"BreadcrumbList","@id":"https:\/\/sbeneditosalto.com.br\/index.php\/class\/santo-inacio-de-loyola\/#breadcrumb","itemListElement":[{"@type":"ListItem","position":1,"name":"In\u00edcio","item":"https:\/\/sbeneditosalto.com.br\/"},{"@type":"ListItem","position":2,"name":"Comunidades","item":"https:\/\/sbeneditosalto.com.br\/index.php\/class\/"},{"@type":"ListItem","position":3,"name":"Santo In\u00e1cio de Loyola"}]},{"@type":"WebSite","@id":"https:\/\/sbeneditosalto.com.br\/#website","url":"https:\/\/sbeneditosalto.com.br\/","name":"Paroquia Sao Benedito","description":"","publisher":{"@id":"https:\/\/sbeneditosalto.com.br\/#organization"},"potentialAction":[{"@type":"SearchAction","target":{"@type":"EntryPoint","urlTemplate":"https:\/\/sbeneditosalto.com.br\/?s={search_term_string}"},"query-input":"required name=search_term_string"}],"inLanguage":"en-US"},{"@type":"Organization","@id":"https:\/\/sbeneditosalto.com.br\/#organization","name":"Paroquia Sao Benedito","url":"https:\/\/sbeneditosalto.com.br\/","logo":{"@type":"ImageObject","inLanguage":"en-US","@id":"https:\/\/sbeneditosalto.com.br\/#\/schema\/logo\/image\/","url":"","contentUrl":"","caption":"Paroquia Sao Benedito"},"image":{"@id":"https:\/\/sbeneditosalto.com.br\/#\/schema\/logo\/image\/"}}]}},"_links":{"self":[{"href":"https:\/\/sbeneditosalto.com.br\/index.php\/wp-json\/wp\/v2\/class\/1919"}],"collection":[{"href":"https:\/\/sbeneditosalto.com.br\/index.php\/wp-json\/wp\/v2\/class"}],"about":[{"href":"https:\/\/sbeneditosalto.com.br\/index.php\/wp-json\/wp\/v2\/types\/class"}],"replies":[{"embeddable":true,"href":"https:\/\/sbeneditosalto.com.br\/index.php\/wp-json\/wp\/v2\/comments?post=1919"}],"wp:featuredmedia":[{"embeddable":true,"href":"https:\/\/sbeneditosalto.com.br\/index.php\/wp-json\/wp\/v2\/media\/1986"}],"wp:attachment":[{"href":"https:\/\/sbeneditosalto.com.br\/index.php\/wp-json\/wp\/v2\/media?parent=1919"}],"curies":[{"name":"wp","href":"https:\/\/api.w.org\/{rel}","templated":true}]}}