{"id":1916,"date":"2023-12-06T16:44:40","date_gmt":"2023-12-06T19:44:40","guid":{"rendered":"https:\/\/sbeneditosalto.com.br\/?post_type=class&#038;p=1916"},"modified":"2023-12-07T17:38:46","modified_gmt":"2023-12-07T20:38:46","slug":"sao-jose-operario","status":"publish","type":"class","link":"https:\/\/sbeneditosalto.com.br\/index.php\/class\/sao-jose-operario\/","title":{"rendered":"S\u00e3o Jos\u00e9 Oper\u00e1rio"},"content":{"rendered":"\n<p>Esta comunidade teve in\u00edcio em 1977 com Catequese para a 1\u00aa Eucaristia das crian\u00e7as do Jardim Maria Jos\u00e9, promovida na resid\u00eancia de Irma Falcini, auxiliada por Irm\u00e3 Adele Redivo, do Externato Sagrada Fam\u00edlia, e Benedita Bertolucci. Com o apoio de Universina C. dos Santos, elas ajudaram os moradores da favela do bairro.<br>Em 1979, num terreno emprestado por Mario Betiol, foi constru\u00eddo um galp\u00e3o, onde eram ministrados cursos de Catequese e C\u00edrculo B\u00edblico. Os moradores da regi\u00e3o se reuniam uma vez por m\u00eas para a celebra\u00e7\u00e3o de Missa e jovens se encontravam com o objetivo de formarem um grupo.<br>Come\u00e7ava, ainda nesse ano, o movimento para adquirir um terreno para a constru\u00e7\u00e3o de uma Capela. A primeira missa, com a Igreja inacabada, foi celebrada em 25 de janeiro de 1982, quando foi entronizada a imagem de S\u00e3o Jos\u00e9, doada pela Matriz S\u00e3o Benedito.<\/p>\n\n\n\n<p>Fatos, datas e curiosidades.<\/p>\n\n\n\n<ul>\n<li>Coordena\u00e7\u00e3o: criada Comiss\u00e3o para compra do terreno, que foi assumida pelo casal Jos\u00e9 e Universina dos Santos, auxiliados por Luiz e Carmela Alves dos Santos. Para os trabalhos pr\u00f3-constru\u00e7\u00e3o assumiu o casal Doroti e Rubens Alves Borges.<\/li>\n\n\n\n<li>O trabalho pastoral confiado \u00e0s religiosas franciscanas Irm\u00e3s Ludivina e Margareth, da Comunidade do Divino Esp\u00edrito Santo. Em 1984, o casal Marta e Jo\u00e3o Batista Camargo assumem a coordena\u00e7\u00e3o da comunidade. Juarez Bueno assumiu o cargo em 1988. Em 1990 foi a vez de Silvio da Costa Gomes.<\/li>\n\n\n\n<li>Catequese Familiar: criada em 1985, com a coordena\u00e7\u00e3o de Ot\u00edlia Pavanelli, auxiliada por Ayrton e No\u00eamia Gardenal e In\u00eas Fontana Pravatta.<\/li>\n\n\n\n<li>Primeira Comunh\u00e3o: a Celebra\u00e7\u00e3o com o primeiro grupo de catequizandos aconteceu em 18 de abril de 1988.<\/li>\n\n\n\n<li>Sal\u00e3o de Festas: come\u00e7ou a ser constru\u00eddo em 1989 e foi inaugurado em 1990.<\/li>\n\n\n\n<li>Coral da comunidade: foi criado em 1990 e era dirigido por Maria do Carmo e C\u00e9lia Regina de Souza.<\/li>\n\n\n\n<li>Ministros extraordin\u00e1rios da Palavra: Paulo de Moraes, em 1990, substituiu o Ministro extraordin\u00e1rio Eurides na presid\u00eancia dos cultos aos s\u00e1bados. A partir desse ano, a Missa passava a ser celebrada aos domingos. Em julho de 1997 aconteceu a investidura dos primeiros ministros da comunh\u00e3o da Comunidade: Sueli Aparecida e Ant\u00f4nio Carlos Correia Leme, Odila Scutieri e Francisco Druzian. Tamb\u00e9m foram investidos Ministros extraordin\u00e1rios da Palavra Jos\u00e9 Senegl\u00e1glia Roche, Elmo Lopes Cordeiro e Ant\u00f4nio Tarciso Benvenutto.<\/li>\n\n\n\n<li>Preju\u00edzos: com o transbordamento do C\u00f3rrego do Ajudante, pr\u00f3ximo \u00e0 Igreja, em janeiro de 1990, aconteceram muitas perdas materiais. O fato se repetiu em 1997 e 1998. Devido aos problemas, a Comunidade se reuniu para projetar a compra de um terreno num outro local. Foi iniciado o desassoreamento do c\u00f3rrego.<\/li>\n\n\n\n<li>Liturgia: a primeira equipe foi formada em junho de 1992.<\/li>\n\n\n\n<li>C.A.C. (Conselho Administrativo da Comunidade): teve in\u00edcio em 1994 e Silvio Costa Gomes era o moderador. Em maio de 1998 a equipe estava sendo formada por Geraldo Jos\u00e9 Grigollon (moderador), Silvio Projante Neto (1\u00ba tesoureiro), Jo\u00e3o Batista de Camargo (2\u00ba tesoureiro e Diretor de patrim\u00f4nio), Jos\u00e9 Roberto Benedito, Maria Rosa Isola e Silmara F\u00e1tima Leite de Barros (secret\u00e1rios), Janice Boldarin Salvadori (eventos).<\/li>\n\n\n\n<li>Primeiro Casamento: foi celebrado em 16 de julho de 1994.<\/li>\n\n\n\n<li>Moderador: em 1995, Geraldo Jos\u00e9 Grigollon. Tamb\u00e9m assume o cargo o casal Marta Biscaro e Jo\u00e3o Batista de Camargo.<\/li>\n\n\n\n<li>Terreno extra: foi adquirido em dezembro de 1995, na Rua Paul Harris, para a realiza\u00e7\u00e3o de quermesses e festas. Hoje no terreno est\u00e1 constru\u00eddo um grande sal\u00e3o.<\/li>\n\n\n\n<li>Curso de Batismo: o primeiro encontro, sob responsabilidade de Vera L\u00facia Poljante e Janice Benedito, aconteceu em 23 de junho de 1996.<\/li>\n\n\n\n<li>JUACC (Jovens Unidos A Caminho de Cristo): o grupo da Pastoral da Juventude foi oficializado em agosto de 1997.<\/li>\n\n\n\n<li>Pastoral da Perseveran\u00e7a: come\u00e7ou em agosto de 1997 sob a coordena\u00e7\u00e3o de Valdete e Lilian Zanoni.<\/li>\n\n\n\n<li>C.P.C (Conselho Pastoral da Comunidade): formado em maio de 1998 foi constitu\u00eddo por: Vera L\u00facia Poljante (coordenadora), Amarilda Gaspar (Catequese de Crisma), Marta Biscaro de Camargo (Pastoral da Crian\u00e7a), Delza Caleffo (Catequese Familiar), Janice P. Benedito (Liturgia), Odila Scutieri (D\u00edzimo), Andr\u00e9 Caleffo (Pastoral da Juventude), Lilian Zanoni (Pastoral da Perseveran\u00e7a), Maria de Lourdes Peres Martoni (Sa\u00fade), Sonia de \u00c2ngelo (Canto Lit\u00fargico), Sueli Aparecida Bim Leme (Ministros).<\/li>\n\n\n\n<li>Coordenadora de Pastoral at\u00e9 2007: Edilaine Camargo.<\/li>\n\n\n\n<li>Pesquisa para jun\u00e7\u00e3o de comunidades: foi realizada, nos dias 18 de mar\u00e7o e 02 de abril de 2000, uma pesquisa de opini\u00e3o, feita pela Pastoral da Comunica\u00e7\u00e3o Social, sobre a possibilidade de uni\u00e3o das Comunidades Santa Teresinha do Menino Jesus e S\u00e3o Jos\u00e9 Oper\u00e1rio. A maioria n\u00e3o concordou.<\/li>\n\n\n\n<li>Mudan\u00e7a da data da festa: numa reuni\u00e3o, realizada em janeiro de 1999, a comunidade oficializou, por sugest\u00e3o do P\u00e1roco Padre Jo\u00e3o Estev\u00e3o da Silva, o dia 1\u00ba de maio como a nova data para a Festa do Padroeiro. No dia 19 de mar\u00e7o, quando ela acontecia, corresponde ao Tempo de Quaresma, impossibilitando a realiza\u00e7\u00e3o de festas. A Comunidade passa a ser designada como S\u00e3o Jos\u00e9 Oper\u00e1rio.<\/li>\n<\/ul>\n\n\n\n<p>A Igreja da Comunidade, vitimada por v\u00e1rias enchentes do C\u00f3rrego do Ajudante, que passa ao lado, teve a sua estrutura abalada e foi interditada. A comunidade passou a usar seu Sal\u00e3o de Festas, adaptado para as celebra\u00e7\u00f5es.<\/p>\n\n\n\n<p>Endere\u00e7o: Rua Paul Harris, 272 &#8211; Jardim Maria Jos\u00e9.<\/p>\n\n\n\n<p>Coordenadora de Pastoral: Amarilda Aparecida Gaspar<\/p>\n","protected":false},"featured_media":1917,"comment_status":"closed","ping_status":"closed","template":"","blocksy_meta":"","yoast_head":"<!-- This site is optimized with the Yoast SEO plugin v22.4 - https:\/\/yoast.com\/wordpress\/plugins\/seo\/ -->\n<title>S\u00e3o Jos\u00e9 Oper\u00e1rio - Paroquia Sao Benedito<\/title>\n<meta name=\"robots\" content=\"index, follow, max-snippet:-1, max-image-preview:large, max-video-preview:-1\" \/>\n<link rel=\"canonical\" href=\"https:\/\/sbeneditosalto.com.br\/index.php\/class\/sao-jose-operario\/\" \/>\n<meta property=\"og:locale\" content=\"en_US\" \/>\n<meta property=\"og:type\" content=\"article\" \/>\n<meta property=\"og:title\" content=\"S\u00e3o Jos\u00e9 Oper\u00e1rio - Paroquia Sao Benedito\" \/>\n<meta property=\"og:description\" content=\"Esta comunidade teve in\u00edcio em 1977 com Catequese para a 1\u00aa Eucaristia das crian\u00e7as do Jardim Maria Jos\u00e9, promovida na resid\u00eancia de Irma Falcini, auxiliada por Irm\u00e3 Adele Redivo, do Externato Sagrada Fam\u00edlia, e Benedita Bertolucci. Com o apoio de Universina C. dos Santos, elas ajudaram os moradores da favela do bairro.Em 1979, num terreno [&hellip;]\" \/>\n<meta property=\"og:url\" content=\"https:\/\/sbeneditosalto.com.br\/index.php\/class\/sao-jose-operario\/\" \/>\n<meta property=\"og:site_name\" content=\"Paroquia Sao Benedito\" \/>\n<meta property=\"article:modified_time\" content=\"2023-12-07T20:38:46+00:00\" \/>\n<meta property=\"og:image\" content=\"https:\/\/sbeneditosalto.com.br\/wp-content\/uploads\/2023\/12\/IMG-20230331-WA0025.jpg\" \/>\n\t<meta property=\"og:image:width\" content=\"1600\" \/>\n\t<meta property=\"og:image:height\" content=\"900\" \/>\n\t<meta property=\"og:image:type\" content=\"image\/jpeg\" \/>\n<meta name=\"twitter:card\" content=\"summary_large_image\" \/>\n<meta name=\"twitter:label1\" content=\"Est. reading time\" \/>\n\t<meta name=\"twitter:data1\" content=\"5 minutes\" \/>\n<script type=\"application\/ld+json\" class=\"yoast-schema-graph\">{\"@context\":\"https:\/\/schema.org\",\"@graph\":[{\"@type\":\"WebPage\",\"@id\":\"https:\/\/sbeneditosalto.com.br\/index.php\/class\/sao-jose-operario\/\",\"url\":\"https:\/\/sbeneditosalto.com.br\/index.php\/class\/sao-jose-operario\/\",\"name\":\"S\u00e3o Jos\u00e9 Oper\u00e1rio - Paroquia Sao Benedito\",\"isPartOf\":{\"@id\":\"https:\/\/sbeneditosalto.com.br\/#website\"},\"primaryImageOfPage\":{\"@id\":\"https:\/\/sbeneditosalto.com.br\/index.php\/class\/sao-jose-operario\/#primaryimage\"},\"image\":{\"@id\":\"https:\/\/sbeneditosalto.com.br\/index.php\/class\/sao-jose-operario\/#primaryimage\"},\"thumbnailUrl\":\"https:\/\/sbeneditosalto.com.br\/wp-content\/uploads\/2023\/12\/IMG-20230331-WA0025.jpg\",\"datePublished\":\"2023-12-06T19:44:40+00:00\",\"dateModified\":\"2023-12-07T20:38:46+00:00\",\"breadcrumb\":{\"@id\":\"https:\/\/sbeneditosalto.com.br\/index.php\/class\/sao-jose-operario\/#breadcrumb\"},\"inLanguage\":\"en-US\",\"potentialAction\":[{\"@type\":\"ReadAction\",\"target\":[\"https:\/\/sbeneditosalto.com.br\/index.php\/class\/sao-jose-operario\/\"]}]},{\"@type\":\"ImageObject\",\"inLanguage\":\"en-US\",\"@id\":\"https:\/\/sbeneditosalto.com.br\/index.php\/class\/sao-jose-operario\/#primaryimage\",\"url\":\"https:\/\/sbeneditosalto.com.br\/wp-content\/uploads\/2023\/12\/IMG-20230331-WA0025.jpg\",\"contentUrl\":\"https:\/\/sbeneditosalto.com.br\/wp-content\/uploads\/2023\/12\/IMG-20230331-WA0025.jpg\",\"width\":1600,\"height\":900},{\"@type\":\"BreadcrumbList\",\"@id\":\"https:\/\/sbeneditosalto.com.br\/index.php\/class\/sao-jose-operario\/#breadcrumb\",\"itemListElement\":[{\"@type\":\"ListItem\",\"position\":1,\"name\":\"In\u00edcio\",\"item\":\"https:\/\/sbeneditosalto.com.br\/\"},{\"@type\":\"ListItem\",\"position\":2,\"name\":\"Comunidades\",\"item\":\"https:\/\/sbeneditosalto.com.br\/index.php\/class\/\"},{\"@type\":\"ListItem\",\"position\":3,\"name\":\"S\u00e3o Jos\u00e9 Oper\u00e1rio\"}]},{\"@type\":\"WebSite\",\"@id\":\"https:\/\/sbeneditosalto.com.br\/#website\",\"url\":\"https:\/\/sbeneditosalto.com.br\/\",\"name\":\"Paroquia Sao Benedito\",\"description\":\"\",\"publisher\":{\"@id\":\"https:\/\/sbeneditosalto.com.br\/#organization\"},\"potentialAction\":[{\"@type\":\"SearchAction\",\"target\":{\"@type\":\"EntryPoint\",\"urlTemplate\":\"https:\/\/sbeneditosalto.com.br\/?s={search_term_string}\"},\"query-input\":\"required name=search_term_string\"}],\"inLanguage\":\"en-US\"},{\"@type\":\"Organization\",\"@id\":\"https:\/\/sbeneditosalto.com.br\/#organization\",\"name\":\"Paroquia Sao Benedito\",\"url\":\"https:\/\/sbeneditosalto.com.br\/\",\"logo\":{\"@type\":\"ImageObject\",\"inLanguage\":\"en-US\",\"@id\":\"https:\/\/sbeneditosalto.com.br\/#\/schema\/logo\/image\/\",\"url\":\"\",\"contentUrl\":\"\",\"caption\":\"Paroquia Sao Benedito\"},\"image\":{\"@id\":\"https:\/\/sbeneditosalto.com.br\/#\/schema\/logo\/image\/\"}}]}<\/script>\n<!-- \/ Yoast SEO plugin. -->","yoast_head_json":{"title":"S\u00e3o Jos\u00e9 Oper\u00e1rio - Paroquia Sao Benedito","robots":{"index":"index","follow":"follow","max-snippet":"max-snippet:-1","max-image-preview":"max-image-preview:large","max-video-preview":"max-video-preview:-1"},"canonical":"https:\/\/sbeneditosalto.com.br\/index.php\/class\/sao-jose-operario\/","og_locale":"en_US","og_type":"article","og_title":"S\u00e3o Jos\u00e9 Oper\u00e1rio - Paroquia Sao Benedito","og_description":"Esta comunidade teve in\u00edcio em 1977 com Catequese para a 1\u00aa Eucaristia das crian\u00e7as do Jardim Maria Jos\u00e9, promovida na resid\u00eancia de Irma Falcini, auxiliada por Irm\u00e3 Adele Redivo, do Externato Sagrada Fam\u00edlia, e Benedita Bertolucci. Com o apoio de Universina C. dos Santos, elas ajudaram os moradores da favela do bairro.Em 1979, num terreno [&hellip;]","og_url":"https:\/\/sbeneditosalto.com.br\/index.php\/class\/sao-jose-operario\/","og_site_name":"Paroquia Sao Benedito","article_modified_time":"2023-12-07T20:38:46+00:00","og_image":[{"width":1600,"height":900,"url":"https:\/\/sbeneditosalto.com.br\/wp-content\/uploads\/2023\/12\/IMG-20230331-WA0025.jpg","type":"image\/jpeg"}],"twitter_card":"summary_large_image","twitter_misc":{"Est. reading time":"5 minutes"},"schema":{"@context":"https:\/\/schema.org","@graph":[{"@type":"WebPage","@id":"https:\/\/sbeneditosalto.com.br\/index.php\/class\/sao-jose-operario\/","url":"https:\/\/sbeneditosalto.com.br\/index.php\/class\/sao-jose-operario\/","name":"S\u00e3o Jos\u00e9 Oper\u00e1rio - Paroquia Sao Benedito","isPartOf":{"@id":"https:\/\/sbeneditosalto.com.br\/#website"},"primaryImageOfPage":{"@id":"https:\/\/sbeneditosalto.com.br\/index.php\/class\/sao-jose-operario\/#primaryimage"},"image":{"@id":"https:\/\/sbeneditosalto.com.br\/index.php\/class\/sao-jose-operario\/#primaryimage"},"thumbnailUrl":"https:\/\/sbeneditosalto.com.br\/wp-content\/uploads\/2023\/12\/IMG-20230331-WA0025.jpg","datePublished":"2023-12-06T19:44:40+00:00","dateModified":"2023-12-07T20:38:46+00:00","breadcrumb":{"@id":"https:\/\/sbeneditosalto.com.br\/index.php\/class\/sao-jose-operario\/#breadcrumb"},"inLanguage":"en-US","potentialAction":[{"@type":"ReadAction","target":["https:\/\/sbeneditosalto.com.br\/index.php\/class\/sao-jose-operario\/"]}]},{"@type":"ImageObject","inLanguage":"en-US","@id":"https:\/\/sbeneditosalto.com.br\/index.php\/class\/sao-jose-operario\/#primaryimage","url":"https:\/\/sbeneditosalto.com.br\/wp-content\/uploads\/2023\/12\/IMG-20230331-WA0025.jpg","contentUrl":"https:\/\/sbeneditosalto.com.br\/wp-content\/uploads\/2023\/12\/IMG-20230331-WA0025.jpg","width":1600,"height":900},{"@type":"BreadcrumbList","@id":"https:\/\/sbeneditosalto.com.br\/index.php\/class\/sao-jose-operario\/#breadcrumb","itemListElement":[{"@type":"ListItem","position":1,"name":"In\u00edcio","item":"https:\/\/sbeneditosalto.com.br\/"},{"@type":"ListItem","position":2,"name":"Comunidades","item":"https:\/\/sbeneditosalto.com.br\/index.php\/class\/"},{"@type":"ListItem","position":3,"name":"S\u00e3o Jos\u00e9 Oper\u00e1rio"}]},{"@type":"WebSite","@id":"https:\/\/sbeneditosalto.com.br\/#website","url":"https:\/\/sbeneditosalto.com.br\/","name":"Paroquia Sao Benedito","description":"","publisher":{"@id":"https:\/\/sbeneditosalto.com.br\/#organization"},"potentialAction":[{"@type":"SearchAction","target":{"@type":"EntryPoint","urlTemplate":"https:\/\/sbeneditosalto.com.br\/?s={search_term_string}"},"query-input":"required name=search_term_string"}],"inLanguage":"en-US"},{"@type":"Organization","@id":"https:\/\/sbeneditosalto.com.br\/#organization","name":"Paroquia Sao Benedito","url":"https:\/\/sbeneditosalto.com.br\/","logo":{"@type":"ImageObject","inLanguage":"en-US","@id":"https:\/\/sbeneditosalto.com.br\/#\/schema\/logo\/image\/","url":"","contentUrl":"","caption":"Paroquia Sao Benedito"},"image":{"@id":"https:\/\/sbeneditosalto.com.br\/#\/schema\/logo\/image\/"}}]}},"_links":{"self":[{"href":"https:\/\/sbeneditosalto.com.br\/index.php\/wp-json\/wp\/v2\/class\/1916"}],"collection":[{"href":"https:\/\/sbeneditosalto.com.br\/index.php\/wp-json\/wp\/v2\/class"}],"about":[{"href":"https:\/\/sbeneditosalto.com.br\/index.php\/wp-json\/wp\/v2\/types\/class"}],"replies":[{"embeddable":true,"href":"https:\/\/sbeneditosalto.com.br\/index.php\/wp-json\/wp\/v2\/comments?post=1916"}],"wp:featuredmedia":[{"embeddable":true,"href":"https:\/\/sbeneditosalto.com.br\/index.php\/wp-json\/wp\/v2\/media\/1917"}],"wp:attachment":[{"href":"https:\/\/sbeneditosalto.com.br\/index.php\/wp-json\/wp\/v2\/media?parent=1916"}],"curies":[{"name":"wp","href":"https:\/\/api.w.org\/{rel}","templated":true}]}}